{"id":1014,"date":"2022-04-11T09:21:36","date_gmt":"2022-04-11T09:21:36","guid":{"rendered":"https:\/\/altisk-mlak.edu.hu\/?page_id=1014"},"modified":"2022-04-11T09:21:36","modified_gmt":"2022-04-11T09:21:36","slug":"a-2021-22-es-tanev-programja","status":"publish","type":"page","link":"https:\/\/altisk-mlak.edu.hu\/index.php\/a-2021-22-es-tanev-programja\/","title":{"rendered":"A 2021\/22-es tan\u00e9v programja"},"content":{"rendered":"<p><strong>PROGRAMNAPT\u00c1R<\/strong><\/p>\n<p><strong>A 2021\/2022. tan\u00e9v programjai, rendezv\u00e9nyei<\/strong><\/p>\n<p><strong>Tagint\u00e9zm\u00e9ny<\/strong><\/p>\n<table>\n<tbody>\n<tr>\n<td><strong>PROGRAM<\/strong><\/td>\n<td><strong>ID\u0150PONT<\/strong><\/td>\n<td><strong>FELEL\u0150S<\/strong><\/td>\n<\/tr>\n<tr>\n<td colspan=\"3\">Augusztus<\/td>\n<\/tr>\n<tr>\n<td>Veni Sancte tan\u00e9vnyit\u00f3 \u00fcnneps\u00e9g a cs\u00f6r\u00f6tneki \u00d6r\u00f6k ige templomban<\/td>\n<td>2021.08.28.<\/td>\n<td>tagint\u00e9zm\u00e9ny-vezet\u0151<\/td>\n<\/tr>\n<tr>\n<td><\/td>\n<td><\/td>\n<td><\/td>\n<\/tr>\n<tr>\n<td>Tan\u00e9vnyit\u00f3 \u00e9rtekezlet<\/td>\n<td>2021.08.30.<\/td>\n<td>tagint\u00e9zm\u00e9ny-vezet\u0151<\/td>\n<\/tr>\n<tr>\n<td colspan=\"3\">Szeptember<\/td>\n<\/tr>\n<tr>\n<td>Els\u0151s\u00f6k befogad\u00f3 \u00fcnneps\u00e9ge<\/td>\n<td>2021.09.01.<\/td>\n<td>tagint\u00e9zm\u00e9ny-vezet\u0151<\/td>\n<\/tr>\n<tr>\n<td>Di\u00e1kk\u00f6zgy\u0171l\u00e9s<\/td>\n<td>2021.09.09.<\/td>\n<td>Bogn\u00e1r Szilvia<\/td>\n<\/tr>\n<tr>\n<td>Sz\u00fcl\u0151i \u00e9rtekezlet 1-4. oszt\u00e1ly<\/td>\n<td>2021.09.13.<\/td>\n<td>oszt\u00e1lyf\u0151n\u00f6k\u00f6k<\/td>\n<\/tr>\n<tr>\n<td>Sz\u00fcl\u0151i \u00e9rtekezlet 5-8. oszt\u00e1ly<\/td>\n<td>2021.09.14.<\/td>\n<td>oszt\u00e1lyf\u0151n\u00f6k\u00f6k<\/td>\n<\/tr>\n<tr>\n<td>Nevel\u0151test\u00fcleti \u00e9rtekezlet- \u00e9ves munkaterv megvitat\u00e1sa, j\u00f3v\u00e1hagy\u00e1sa<\/td>\n<td>2021.09.15.<\/td>\n<td>tagint\u00e9zm\u00e9ny-vezet\u0151<\/td>\n<\/tr>\n<tr>\n<td>Eur\u00f3pai Di\u00e1ksport Napja<\/td>\n<td>2021.09.24.<\/td>\n<td>Kov\u00e1cs Attila<\/td>\n<\/tr>\n<tr>\n<td colspan=\"3\">Okt\u00f3ber<\/td>\n<\/tr>\n<tr>\n<td>Z\u00f6ld oszt\u00e1ly c\u00edm- iskolai p\u00e1ly\u00e1zat meghirdet\u00e9se<\/td>\n<td>2021.10.01.<\/td>\n<td>\u00d6MK- vezet\u0151<\/p>\n<p>H\u00e1kl\u00e1r Zolt\u00e1nn\u00e9<\/p>\n<p>M\u00e9h\u00e9sz Zolt\u00e1n<\/td>\n<\/tr>\n<tr>\n<td>Di\u00e1kmise Magyarlakon<\/td>\n<td>2021.10.01.<\/td>\n<td>\u00c1gnes n\u0151v\u00e9r<\/td>\n<\/tr>\n<tr>\n<td>Munka\u00e9rtekezlet<\/td>\n<td>2021.10.04.<\/td>\n<td>tagint\u00e9zm\u00e9ny-vezet\u0151<\/td>\n<\/tr>\n<tr>\n<td>Megeml\u00e9kez\u00e9s az aradi v\u00e9rtan\u00fakr\u00f3l<\/td>\n<td>2021.10.06.<\/td>\n<td>Bogn\u00e1r Szilvia oszt\u00e1lyf\u0151n\u00f6k\u00f6k<\/td>\n<\/tr>\n<tr>\n<td>P\u00e1lyaorient\u00e1ci\u00f3s nap<\/td>\n<td>2021.10.06.<\/td>\n<td>Kov\u00e1cs Zsuzsanna<\/p>\n<p>oszt\u00e1lyf\u0151n\u00f6k\u00f6k<\/td>\n<\/tr>\n<tr>\n<td>Ny\u00edlt napok l\u00e1togat\u00e1sa-k\u00f6z\u00e9piskolai k\u00f6vetelm\u00e9nyek ismertet\u00e9se a tanul\u00f3kkal<\/td>\n<td>2021. 10-11. h\u00f3<\/td>\n<td>T\u00f3thn\u00e9 Tak\u00e1cs Hajnalka<\/td>\n<\/tr>\n<tr>\n<td>Di\u00e1k\u00f6nkorm\u00e1nyzat megbesz\u00e9l\u00e9se<\/td>\n<td>2021.10.14.<\/td>\n<td>Bogn\u00e1r Szilvia<\/td>\n<\/tr>\n<tr>\n<td>Megeml\u00e9kez\u00e9s az 1956-os forradalomr\u00f3l, eml\u00e9kfut\u00e1s<\/td>\n<td>2021.10.22.<\/td>\n<td>Ga\u00e1l M\u00f3nika<\/p>\n<p>Aradin\u00e9 Pov\u00e1zsay Katalin<\/p>\n<p>M\u00e9h\u00e9sz Zolt\u00e1n<\/td>\n<\/tr>\n<tr>\n<td>Diszk\u00f3<\/td>\n<td>2021. 10.22.<\/td>\n<td>Bogn\u00e1r Szilvia<\/td>\n<\/tr>\n<tr>\n<td colspan=\"3\">November<\/td>\n<\/tr>\n<tr>\n<td>Eg\u00e9szs\u00e9gnevel\u00e9si h\u00f3nap- k\u00f6z\u00f6ss\u00e9gi program: Eg\u00e9szs\u00e9gt\u00fara<\/td>\n<td>2021.11.02.<\/td>\n<td>oszt\u00e1lyf\u0151n\u00f6k\u00f6k<\/td>\n<\/tr>\n<tr>\n<td>Munka\u00e9rtekezlet<\/td>\n<td>2021.11.02.<\/td>\n<td>tagint\u00e9zm\u00e9ny-vezet\u0151<\/td>\n<\/tr>\n<tr>\n<td>Nagycsoportos \u00f3vod\u00e1sok sz\u00e1m\u00e1ra ny\u00edlt nap<\/p>\n<p>az 1. \u00e9s 4. oszt\u00e1lyban<\/td>\n<td>2021.11.03. v. 04.<\/td>\n<td>tagint\u00e9zm\u00e9ny-vezet\u0151<\/p>\n<p>Stepics Zsanett<\/p>\n<p>Deutsch Szilvia<\/td>\n<\/tr>\n<tr>\n<td>Di\u00e1kmise Cs\u00f6r\u00f6tneken<\/td>\n<td>2021.11.05.<\/td>\n<td>\u00c1gnes n\u0151v\u00e9r<\/td>\n<\/tr>\n<tr>\n<td>4. oszt\u00e1lyos tan\u00edt\u00f3 n\u00e9ni \u00e9s napk\u00f6zis nevel\u0151 l\u00e1togat\u00e1sa a SZEOB Micimack\u00f3 tag\u00f3vod\u00e1ba (Magyarlak)<\/td>\n<td>2021.11.08.<\/p>\n<p>3. \u00f3ra ut\u00e1n<\/td>\n<td>tagint\u00e9zm\u00e9ny-vezet\u0151<\/td>\n<\/tr>\n<tr>\n<td>Di\u00e1k\u00f6nkorm\u00e1nyzat megbesz\u00e9l\u00e9se<\/td>\n<td>2021.11.11.<\/td>\n<td>Bogn\u00e1r Szilvia<\/td>\n<\/tr>\n<tr>\n<td>Nemzeti nyelv\u00fcnk \u00fcnnepe<\/td>\n<td>2021.11.12.<\/td>\n<td>T\u00f3thn\u00e9 Tak\u00e1cs Hajnalka<\/td>\n<\/tr>\n<tr>\n<td>4. oszt\u00e1lyos tan\u00edt\u00f3 n\u00e9ni \u00e9s napk\u00f6zis nevel\u0151 l\u00e1togat\u00e1sa a SZEOB Csillagvir\u00e1g tag\u00f3vod\u00e1ba (Cs\u00f6r\u00f6tnek)<\/td>\n<td>2021.11.15.<\/p>\n<p>3. \u00f3ra ut\u00e1n<\/td>\n<td>tagint\u00e9zm\u00e9ny-vezet\u0151<\/td>\n<\/tr>\n<tr>\n<td>Bemutatkoz\u00f3 sz\u00fcl\u0151i \u00e9rtekezlet a nagycsoportos \u00f3vod\u00e1sok sz\u00fcleinek az iskol\u00e1ban<\/td>\n<td>2021.11.17.<\/td>\n<td>tagint\u00e9zm\u00e9ny-vezet\u0151<\/p>\n<p>Deutsch Szilvia<\/td>\n<\/tr>\n<tr>\n<td>P\u00e1lyav\u00e1laszt\u00e1ssal kapcsolatos sz\u00fcl\u0151i \u00e9rtekezlet<\/p>\n<p>(8. oszt\u00e1lyos tanul\u00f3k sz\u00fcleinek)<\/td>\n<td>2021.11.18.<\/td>\n<td>T\u00f3thn\u00e9 Tak\u00e1cs Hajnalka<\/td>\n<\/tr>\n<tr>\n<td>Fogad\u00f3\u00f3ra<\/td>\n<td>2021.11. harmadik het\u00e9ben<\/td>\n<td>szaktan\u00e1rok, tan\u00edt\u00f3k<\/p>\n<p>&nbsp;<\/p>\n<p>&nbsp;<\/td>\n<\/tr>\n<tr>\n<td colspan=\"3\">December<\/td>\n<\/tr>\n<tr>\n<td>Munka\u00e9rtekezlet<\/td>\n<td>2021.12.01.<\/td>\n<td>tagint\u00e9zm\u00e9ny-vezet\u0151<\/td>\n<\/tr>\n<tr>\n<td>Mikul\u00e1sv\u00e1r\u00f3 az als\u00f3 tagozatosoknak<\/td>\n<td>2021.12.06.<\/td>\n<td>tan\u00edt\u00f3k<\/p>\n<p>napk\u00f6zis nevel\u0151k<\/td>\n<\/tr>\n<tr>\n<td>Di\u00e1k\u00f6nkorm\u00e1nyzat megbesz\u00e9l\u00e9se<\/td>\n<td>2021.12.09.<\/td>\n<td>Bogn\u00e1r Szilvia<\/td>\n<\/tr>\n<tr>\n<td>Pedag\u00f3giai nap<br \/>\nNevel\u00e9si \u00e9rtekezlet<\/td>\n<td>2021.12.11.<\/td>\n<td>tantest\u00fclet<\/td>\n<\/tr>\n<tr>\n<td>Kar\u00e1csonyv\u00e1r\u00f3 \u00fcnnep\u00e9ly<\/td>\n<td>2021.12.21.<\/td>\n<td>Kov\u00e1cs Zsuzsanna<\/td>\n<\/tr>\n<tr>\n<td colspan=\"3\">Janu\u00e1r<\/td>\n<\/tr>\n<tr>\n<td>Di\u00e1kmise Magyarlakon<\/td>\n<td>2022.01.07.<\/td>\n<td>\u00c1gnes n\u0151v\u00e9r<\/td>\n<\/tr>\n<tr>\n<td>Di\u00e1k\u00f6nkorm\u00e1nyzat megbesz\u00e9l\u00e9se,<\/p>\n<p>az els\u0151 f\u00e9l\u00e9v \u00e9rt\u00e9kel\u00e9se<\/td>\n<td>2022.01.13.<\/td>\n<td>Bogn\u00e1r Szilvia<\/td>\n<\/tr>\n<tr>\n<td>Oszt\u00e1lyoz\u00f3 \u00e9rtekezlet, esetmegbesz\u00e9l\u00e9s<\/td>\n<td>2022.01.18.<\/td>\n<td>tagint\u00e9zm\u00e9ny-vezet\u0151<\/td>\n<\/tr>\n<tr>\n<td>F\u00e9l\u00e9vi \u00e9rtes\u00edt\u0151k kioszt\u00e1sa<\/td>\n<td>2022.01.28.<\/td>\n<td>oszt\u00e1lyf\u0151n\u00f6k\u00f6k<\/td>\n<\/tr>\n<tr>\n<td colspan=\"3\">Febru\u00e1r<\/td>\n<\/tr>\n<tr>\n<td>F\u00e9l\u00e9vi \u00e9rtekezlet<\/td>\n<td>2022.02.02.<\/td>\n<td>tagint\u00e9zm\u00e9ny-vezet\u0151<\/td>\n<\/tr>\n<tr>\n<td>Di\u00e1kmise Cs\u00f6r\u00f6tneken<\/td>\n<td>2022.02.04.<\/td>\n<td>\u00c1gnes n\u0151v\u00e9r<\/td>\n<\/tr>\n<tr>\n<td>Sz\u00fcl\u0151i \u00e9rtekezlet 1-4. oszt\u00e1ly<\/td>\n<td>2022.02.09.<\/td>\n<td>oszt\u00e1lyf\u0151n\u00f6k\u00f6k<\/td>\n<\/tr>\n<tr>\n<td>Sz\u00fcl\u0151i \u00e9rtekezlet 5-8. oszt\u00e1ly<\/td>\n<td>2022.02.10.<\/td>\n<td>oszt\u00e1lyf\u0151n\u00f6k\u00f6k<\/td>\n<\/tr>\n<tr>\n<td>Di\u00e1k\u00f6nkorm\u00e1nyzat megbesz\u00e9l\u00e9se<\/td>\n<td>2022.02.10.<\/td>\n<td>Bogn\u00e1r Szilvia<\/td>\n<\/tr>\n<tr>\n<td>Als\u00f3s farsangi jelmezes mulats\u00e1g<\/td>\n<td>2022.02.18.<\/td>\n<td>als\u00f3s nevel\u0151k<\/td>\n<\/tr>\n<tr>\n<td>Megeml\u00e9kez\u00e9s a kommunista \u00e9s egy\u00e9b diktat\u00far\u00e1k \u00e1ldozatair\u00f3l<\/td>\n<td>2022.02.24.<\/td>\n<td>Bogn\u00e1r Szilvia<\/td>\n<\/tr>\n<tr>\n<td>Fels\u0151s farsangi mulats\u00e1g<\/td>\n<td>2022.02.25.<\/td>\n<td>fels\u0151s nevel\u0151k<\/td>\n<\/tr>\n<tr>\n<td colspan=\"3\">M\u00e1rcius<\/td>\n<\/tr>\n<tr>\n<td>Munka\u00e9rtekezlet<\/td>\n<td>2022.03.03.<\/td>\n<td>tagint\u00e9zm\u00e9ny-vezet\u0151<\/td>\n<\/tr>\n<tr>\n<td>P\u00e9nz 7 p\u00e9nz\u00fcgyi \u00e9s v\u00e1llalkoz\u00f3i t\u00e9mah\u00e9t<\/td>\n<td>2022.03.07-11.<\/td>\n<td>Kov\u00e1cs Zsuzsanna<\/td>\n<\/tr>\n<tr>\n<td>Di\u00e1k\u00f6nkorm\u00e1nyzat megbesz\u00e9l\u00e9se<\/td>\n<td>2022.03.10.<\/td>\n<td>Bogn\u00e1r Szilvia<\/td>\n<\/tr>\n<tr>\n<td>Megeml\u00e9kez\u00e9s m\u00e1rcius 15-\u00e9r\u0151l<\/td>\n<td>2022.03.11.<\/td>\n<td>Stepics Zsanett<\/p>\n<p>Deutsch Szilvia<\/td>\n<\/tr>\n<tr>\n<td>Csalogat\u00f3 csal\u00e1di d\u00e9lut\u00e1n<\/td>\n<td>2022. 03. h\u00f3<\/td>\n<td>tagint\u00e9zm\u00e9ny-vezet\u0151<\/p>\n<p>iskolalelk\u00e9sz<\/p>\n<p>hitoktat\u00f3<\/td>\n<\/tr>\n<tr>\n<td>V\u00edz vil\u00e1gnapi program<\/td>\n<td>2022.03.22.<\/td>\n<td>Kov\u00e1cs Zsuzsanna<\/p>\n<p>Kov\u00e1cs Attila<\/td>\n<\/tr>\n<tr>\n<td colspan=\"3\">\u00c1prilis<\/td>\n<\/tr>\n<tr>\n<td>Di\u00e1kmise Magyarlakon<\/td>\n<td>2022.04.01.<\/td>\n<td>\u00c1gnes n\u0151v\u00e9r<\/td>\n<\/tr>\n<tr>\n<td>Munka\u00e9rtekezlet<\/td>\n<td>2022.04.04.<\/td>\n<td>tagint\u00e9zm\u00e9ny-vezet\u0151<\/td>\n<\/tr>\n<tr>\n<td>Szaval\u00f3verseny a k\u00f6lt\u00e9szet napja alkalm\u00e1b\u00f3l<\/td>\n<td>2022.04.11.<\/td>\n<td>T\u00f3thn\u00e9 Tak\u00e1cs Hajnalka<\/p>\n<p>Bogn\u00e1r Szilvia<\/td>\n<\/tr>\n<tr>\n<td>Megeml\u00e9kez\u00e9s a holokauszt \u00e1ldozatair\u00f3l<\/p>\n<p>(\u00e1prilis 16.)<\/td>\n<td>2022.04.12.<\/td>\n<td>Bogn\u00e1r Szilvia<\/td>\n<\/tr>\n<tr>\n<td>H\u00fasv\u00e9ti hagyom\u00e1nyok \u00e1pol\u00e1sa, szok\u00e1sok- k\u00f6z\u00f6ss\u00e9gi program<\/td>\n<td>2022.04.13.<\/td>\n<td>tantest\u00fclet<\/td>\n<\/tr>\n<tr>\n<td>Di\u00e1k\u00f6nkorm\u00e1nyzat megbesz\u00e9l\u00e9se<\/td>\n<td>2022.04.13.<\/td>\n<td>Bogn\u00e1r Szilvia<\/p>\n<p>&nbsp;<\/td>\n<\/tr>\n<tr>\n<td>Fogad\u00f3\u00f3ra<\/td>\n<td>2022.04.<\/p>\n<p>harmadik het\u00e9ben<\/td>\n<td>&nbsp;<\/p>\n<p>szaktan\u00e1rok<\/p>\n<p>tan\u00edt\u00f3k<\/td>\n<\/tr>\n<tr>\n<td>Tavaszi pap\u00edrgy\u0171jt\u00e9s<\/td>\n<td>2022.04. h\u00f3<\/td>\n<td>Bogn\u00e1r Szilvia<\/td>\n<\/tr>\n<tr>\n<td>\u00c1ltal\u00e1nos iskolai beiratkoz\u00e1s<\/td>\n<td>2022.04.21-22.<\/td>\n<td>tagint\u00e9zm\u00e9ny-vezet\u0151<\/td>\n<\/tr>\n<tr>\n<td>Fenntarthat\u00f3s\u00e1gi t\u00e9mah\u00e9t<\/td>\n<td>2022.04.25-29.<\/td>\n<td>Kov\u00e1cs Zsuzsanna<\/p>\n<p>Mezein\u00e9 Kiss Katalin Melinda<\/td>\n<\/tr>\n<tr>\n<td>Kist\u00e9rs\u00e9gi mesemond\u00f3 verseny<\/td>\n<td>2022.04.28.<\/td>\n<td>Aradin\u00e9 Pov\u00e1zsay Katalin<\/td>\n<\/tr>\n<tr>\n<td>A tanul\u00f3k fizikai \u00e1llapot\u00e1nak \u00e9s edzetts\u00e9g\u00e9nek vizsg\u00e1lata<\/td>\n<td>2022.04.29-ig<\/td>\n<td>Kov\u00e1cs Attila<\/td>\n<\/tr>\n<tr>\n<td colspan=\"3\">M\u00e1jus<\/td>\n<\/tr>\n<tr>\n<td>Alkalmazotti csapat\u00e9p\u00edt\u0151 tr\u00e9ning<\/td>\n<td>2022.05.02.<\/td>\n<td>alkalmazotti k\u00f6z\u00f6ss\u00e9g<\/td>\n<\/tr>\n<tr>\n<td>Munka\u00e9rtekezlet<\/td>\n<td>2022. 05.03.<\/td>\n<td>tagint\u00e9zm\u00e9ny-vezet\u0151<\/td>\n<\/tr>\n<tr>\n<td>Di\u00e1kmise Cs\u00f6r\u00f6tneken<\/td>\n<td>2022.05.06.<\/td>\n<td>\u00c1gnes n\u0151v\u00e9r<\/td>\n<\/tr>\n<tr>\n<td>Madarak \u00e9s f\u00e1k napja<\/td>\n<td>2022.05.10.<\/td>\n<td>az iskola tanul\u00f3i \u00e9s nevel\u0151i<\/td>\n<\/tr>\n<tr>\n<td>Di\u00e1kk\u00f6zgy\u0171l\u00e9s<\/td>\n<td>2022.05.12.<\/td>\n<td>Bogn\u00e1r Szilvia<\/td>\n<\/tr>\n<tr>\n<td>T\u00e9rs\u00e9gi term\u00e9szetismereti verseny<\/td>\n<td>2022.05.13.<\/td>\n<td>Mezein\u00e9 Kiss Katalin Melinda<\/p>\n<p>Kov\u00e1cs Zsuzsanna<\/p>\n<p>Aradin\u00e9 Pov\u00e1zsay Katalin<\/p>\n<p>Stepics Zsanett<\/td>\n<\/tr>\n<tr>\n<td>Orsz\u00e1gos kompetenciam\u00e9r\u00e9s<\/td>\n<td>M\u00e9r\u00e9s a 6. \u00e9vfolyamon:<\/p>\n<p>2022. m\u00e1jus 18-31. k\u00f6z\u00f6tt<\/p>\n<p>&nbsp;<\/p>\n<p>M\u00e9r\u00e9s a 8. \u00e9vfolyamon: 2022. m\u00e1jus 4-17. k\u00f6z\u00f6tt<\/td>\n<td>tagint\u00e9zm\u00e9ny-vezet\u0151<\/p>\n<p>Kov\u00e1cs Zsuzsanna<\/td>\n<\/tr>\n<tr>\n<td>Oszt\u00e1lykir\u00e1ndul\u00e1s<\/td>\n<td>2022. 05. h\u00f3<\/td>\n<td>oszt\u00e1lyf\u0151n\u00f6k\u00f6k<\/td>\n<\/tr>\n<tr>\n<td colspan=\"3\">J\u00fanius<\/td>\n<\/tr>\n<tr>\n<td>\u00a0Megeml\u00e9kez\u00e9s a Nemzeti \u00d6sszetartoz\u00e1s Napj\u00e1r\u00f3l<\/td>\n<td>2022.06.03.<\/td>\n<td>\u00a0 Bogn\u00e1r Szilvia<\/td>\n<\/tr>\n<tr>\n<td>Oszt\u00e1lyoz\u00f3 \u00e9rtekezlet, esetmegbesz\u00e9l\u00e9s<\/td>\n<td>2022.06.09.<\/td>\n<td>tagint\u00e9zm\u00e9ny-vezet\u0151<\/td>\n<\/tr>\n<tr>\n<td>Di\u00e1k\u00f6nkorm\u00e1nyzat megbesz\u00e9l\u00e9se<\/td>\n<td>2022.06.09.<\/td>\n<td>Bogn\u00e1r Szilvia<\/td>\n<\/tr>\n<tr>\n<td>Gyermeknap, sportnap, D\u00d6K-nap<\/td>\n<td>2022.06.14.<\/td>\n<td>Kov\u00e1cs Attila, Bogn\u00e1r Szilvia<\/td>\n<\/tr>\n<tr>\n<td>8. oszt\u00e1lyosok b\u00facs\u00faztat\u00f3ja, ballag\u00e1s<\/td>\n<td>2022.06.15.<\/td>\n<td>\u00a0T\u00f3thn\u00e9 Tak\u00e1cs Hajnalka<\/td>\n<\/tr>\n<tr>\n<td>Te deum tan\u00e9vz\u00e1r\u00f3 \u00fcnnep\u00e9ly<\/td>\n<td>2022.06.19.<\/td>\n<td>tagint\u00e9zm\u00e9ny-vezet\u0151<\/td>\n<\/tr>\n<tr>\n<td>Tan\u00e9vz\u00e1r\u00f3 \u00e9rtekezlet<\/td>\n<td>2022.06.20.<\/td>\n<td>tagint\u00e9zm\u00e9ny-vezet\u0151<\/td>\n<\/tr>\n<\/tbody>\n<\/table>\n<p><strong>\u00a0<\/strong><\/p>\n<p><strong>\u00a0<\/strong><\/p>\n<p><strong>\u00a0<\/strong><\/p>\n<p><strong>Telephely<\/strong><\/p>\n<table width=\"100%\">\n<tbody>\n<tr>\n<td width=\"50%\"><strong>PROGRAM<\/strong><\/td>\n<td width=\"20%\"><strong>ID\u0150PONT<\/strong><\/td>\n<td width=\"28%\"><strong>FELEL\u0150S<\/strong><\/td>\n<\/tr>\n<tr>\n<td colspan=\"3\" width=\"100%\"><strong>Augusztus<\/strong><\/td>\n<\/tr>\n<tr>\n<td width=\"50%\">Veni Sancte tan\u00e9vnyit\u00f3 \u00fcnneps\u00e9g a cs\u00f6r\u00f6tneki \u00d6r\u00f6k ige templomban<\/td>\n<td width=\"20%\">2021.08.28<\/td>\n<td width=\"28%\">tagint\u00e9zm\u00e9ny-vezet\u0151<\/td>\n<\/tr>\n<tr>\n<td width=\"50%\">Tan\u00e9vnyit\u00f3 \u00e9rtekezlet<\/td>\n<td width=\"20%\">2021.08.30<\/td>\n<td width=\"28%\">tagint\u00e9zm\u00e9ny-vezet\u0151<\/td>\n<\/tr>\n<tr>\n<td width=\"50%\"><strong>Szeptember<\/strong><\/td>\n<td width=\"20%\"><\/td>\n<td width=\"28%\">&nbsp;<\/td>\n<\/tr>\n<tr>\n<td width=\"50%\">Tan\u00e9vnyit\u00f3 \u00fcnneps\u00e9g<\/td>\n<td width=\"20%\">2021.09.01<\/td>\n<td width=\"28%\">Tarj\u00e1nyi L\u00e1szl\u00f3n\u00e9<\/p>\n<p>Szalai Zsuzsanna<\/td>\n<\/tr>\n<tr>\n<td width=\"50%\">Sz\u00fcl\u0151i \u00e9rtekezlet 1-4. oszt\u00e1ly<\/td>\n<td width=\"20%\"><\/td>\n<td width=\"28%\">&nbsp;<\/td>\n<\/tr>\n<tr>\n<td width=\"50%\">SZM gy\u0171l\u00e9s<\/td>\n<td width=\"20%\">2021.09.13<\/td>\n<td width=\"28%\">a telephely pedag\u00f3gusai<\/td>\n<\/tr>\n<tr>\n<td width=\"50%\">Nevel\u0151test\u00fcleti \u00e9rtekezlet- \u00e9ves munkaterv megvitat\u00e1sa, j\u00f3v\u00e1hagy\u00e1sa<\/td>\n<td width=\"20%\">2021.09.15<\/td>\n<td width=\"28%\">tagint\u00e9zm\u00e9ny-vezet\u0151<\/td>\n<\/tr>\n<tr>\n<td width=\"50%\">Iskolakert l\u00e9tes\u00edt\u00e9se<\/td>\n<td width=\"20%\">folyamatos<\/td>\n<td width=\"28%\">Tarj\u00e1nyi L\u00e1szl\u00f3n\u00e9<\/p>\n<p>Szalai Zsuzsanna<\/td>\n<\/tr>\n<tr>\n<td colspan=\"3\" width=\"100%\"><strong>Okt\u00f3ber<\/strong><\/td>\n<\/tr>\n<tr>\n<td width=\"50%\">Di\u00e1kmise Magyarlakon<\/td>\n<td width=\"20%\">2021.10.01<\/td>\n<td width=\"28%\">\u00c1gnes n\u0151v\u00e9r\u00a0\u00a0 Szalai Zsuzsanna<\/td>\n<\/tr>\n<tr>\n<td width=\"50%\">Munka\u00e9rtekezlet<\/td>\n<td width=\"20%\">2021.10.04<\/td>\n<td width=\"28%\">tagint\u00e9zm\u00e9ny-vezet\u0151<\/td>\n<\/tr>\n<tr>\n<td width=\"50%\">Megeml\u00e9kez\u00e9s az aradi v\u00e9rtan\u00fakr\u00f3l; gyalogt\u00fara &#8211; R\u00e1t\u00f3t Aradi Park<\/td>\n<td width=\"20%\">2021.10.06<\/td>\n<td width=\"28%\">Tarj\u00e1nyi L\u00e1szl\u00f3n\u00e9 Szalai Zsuzsanna<\/td>\n<\/tr>\n<tr>\n<td width=\"50%\">P\u00e1lyaorient\u00e1ci\u00f3s nap<\/td>\n<td width=\"20%\">2021.10.06<\/td>\n<td width=\"28%\">a telephely pedag\u00f3gusai<\/td>\n<\/tr>\n<tr>\n<td width=\"50%\">DIFER m\u00e9r\u00e9sek az 1. oszt\u00e1lyban<\/td>\n<td width=\"20%\">2021.10.15<\/td>\n<td width=\"28%\">H\u00e1kl\u00e1r Zolt\u00e1nn\u00e9 Szalai Zsuzsanna<\/td>\n<\/tr>\n<tr>\n<td width=\"50%\">Megeml\u00e9kez\u00e9s az &#8217;56-os forradalomr\u00f3l<\/td>\n<td width=\"20%\"><\/td>\n<td width=\"28%\">&nbsp;<\/td>\n<\/tr>\n<tr>\n<td width=\"50%\">az \u0150r\u00e1ll\u00f3k Alap\u00edtv\u00e1nnyal<\/td>\n<td width=\"20%\">2021.10.22<\/td>\n<td width=\"28%\">Szalai Zsuzsanna<\/td>\n<\/tr>\n<tr>\n<td width=\"50%\"><strong>November<\/strong><\/td>\n<td width=\"20%\"><\/td>\n<td width=\"28%\">&nbsp;<\/td>\n<\/tr>\n<tr>\n<td width=\"50%\">Eg\u00e9szs\u00e9gnevel\u00e9si h\u00f3nap- k\u00f6z\u00f6ss\u00e9gi program: Eg\u00e9szs\u00e9gt\u00fara<\/td>\n<td width=\"20%\">2021.11.02<\/td>\n<td width=\"28%\">a telephely pedag\u00f3gusai<\/td>\n<\/tr>\n<tr>\n<td width=\"50%\">Munka\u00e9rtekezlet<\/td>\n<td width=\"20%\">2021.11.02<\/td>\n<td width=\"28%\">tagint\u00e9zm\u00e9ny-vezet\u0151<\/td>\n<\/tr>\n<tr>\n<td width=\"50%\">Di\u00e1kmise Cs\u00f6r\u00f6tneken<\/td>\n<td width=\"20%\">2021.11.05<\/td>\n<td width=\"28%\">\u00c1gnes n\u0151v\u00e9r\u00a0\u00a0 Szalai Zsuzsanna<\/td>\n<\/tr>\n<tr>\n<td width=\"50%\">Adventi k\u00e9zm\u0171vesnap 1.<\/td>\n<td width=\"20%\">2021.11.27<\/td>\n<td width=\"28%\">Szalai Zsuzsanna<\/td>\n<\/tr>\n<tr>\n<td width=\"50%\">Fogad\u00f3\u00f3ra<\/td>\n<td width=\"20%\">2021.11. harmadik het\u00e9ben<\/td>\n<td width=\"28%\">a telephely pedag\u00f3gusai<\/td>\n<\/tr>\n<tr>\n<td colspan=\"3\" width=\"100%\"><strong>December<\/strong><\/td>\n<\/tr>\n<tr>\n<td width=\"50%\">Munka\u00e9rtekezlet<\/td>\n<td width=\"20%\">2021.12.01<\/td>\n<td width=\"28%\">tagint\u00e9zm\u00e9ny-vezet\u0151<\/td>\n<\/tr>\n<tr>\n<td width=\"50%\">Adventi k\u00e9zm\u0171vesnap 2.<\/td>\n<td width=\"20%\">2021.12.04<\/td>\n<td width=\"28%\">Szalai Zsuzsanna<\/td>\n<\/tr>\n<tr>\n<td width=\"50%\">Mikul\u00e1s az als\u00f3 tagozatosoknak<\/td>\n<td width=\"20%\">2021.12.06<\/td>\n<td width=\"28%\">a telephely pedag\u00f3gusai<\/td>\n<\/tr>\n<tr>\n<td width=\"50%\">Pedag\u00f3giai nap &#8211; Nevel\u00e9si \u00e9rtekezlet<\/td>\n<td width=\"20%\">2021.12.11<\/td>\n<td width=\"28%\">tantest\u00fclet<\/td>\n<\/tr>\n<tr>\n<td width=\"50%\">K\u00f6zs\u00e9gi Mikul\u00e1s m\u0171sor<\/td>\n<td width=\"20%\">2021 december<\/td>\n<td width=\"28%\">Tarj\u00e1nyi L\u00e1szl\u00f3n\u00e9\u00a0\u00a0\u00a0 Szalai Zsuzsanna<\/td>\n<\/tr>\n<tr>\n<td width=\"50%\">Kar\u00e1csonyi betlehemes \u00e9s adventi v\u00e1s\u00e1r<\/td>\n<td width=\"20%\">2021.12.21<\/td>\n<td width=\"28%\">Szalai Zsuzsanna<\/td>\n<\/tr>\n<tr>\n<td width=\"50%\">Kar\u00e1csonyi k\u00f6zs\u00e9gi m\u0171sor<\/td>\n<td width=\"20%\">2021.december<\/td>\n<td width=\"28%\">Szalai Zsuzsanna<\/td>\n<\/tr>\n<tr>\n<td colspan=\"3\" width=\"100%\"><strong>Janu\u00e1r<\/strong><\/td>\n<\/tr>\n<tr>\n<td width=\"50%\">Di\u00e1kmise Magyarlakon<\/td>\n<td width=\"20%\">2022.01.07<\/td>\n<td width=\"28%\">\u00c1gnes n\u0151v\u00e9r\u00a0\u00a0\u00a0\u00a0 Szalai Zsuzsanna<\/td>\n<\/tr>\n<tr>\n<td width=\"50%\">Oszt\u00e1lyoz\u00f3 \u00e9rtekezlet, esetmegbesz\u00e9l\u00e9s<\/td>\n<td width=\"20%\">2022.01.18<\/td>\n<td width=\"28%\">tagint\u00e9zm\u00e9ny-vezet\u0151<\/td>\n<\/tr>\n<tr>\n<td width=\"50%\">F\u00e9l\u00e9vi \u00e9rtes\u00edt\u0151k kioszt\u00e1sa<\/td>\n<td width=\"20%\">2022.01.28<\/td>\n<td width=\"28%\">oszt\u00e1lyf\u0151n\u00f6k\u00f6k<\/td>\n<\/tr>\n<tr>\n<td colspan=\"3\" width=\"100%\"><strong>Febru\u00e1r<\/strong><\/td>\n<\/tr>\n<tr>\n<td width=\"50%\">F\u00e9l\u00e9vi \u00e9rtekezlet<\/td>\n<td width=\"20%\">2022.02.02<\/td>\n<td width=\"28%\">tagint\u00e9zm\u00e9ny-vezet\u0151<\/td>\n<\/tr>\n<tr>\n<td width=\"50%\">Di\u00e1kmise Cs\u00f6r\u00f6tneken<\/td>\n<td width=\"20%\">2022.02.04<\/td>\n<td width=\"28%\">\u00c1gnes n\u0151v\u00e9r\u00a0\u00a0\u00a0\u00a0 Szalai Zsuzsanna<\/td>\n<\/tr>\n<tr>\n<td width=\"50%\">Sz\u00fcl\u0151i \u00e9rtekezlet 1-4. oszt\u00e1ly<\/td>\n<td width=\"20%\">2022.02.09<\/td>\n<td width=\"28%\">oszt\u00e1lyf\u0151n\u00f6k\u00f6k<\/td>\n<\/tr>\n<tr>\n<td width=\"50%\">\u00d3vod\u00e1sok l\u00e1togat\u00e1sa az iskol\u00e1ban<\/td>\n<td width=\"20%\">2022. febru\u00e1r<\/td>\n<td width=\"28%\">Tarj\u00e1nyi L\u00e1szl\u00f3n\u00e9 Szalai Zsuzsanna<\/td>\n<\/tr>\n<tr>\n<td width=\"50%\">Als\u00f3s farsangi jelmezes mulats\u00e1g<\/td>\n<td width=\"20%\">2022.02.18<\/td>\n<td width=\"28%\">telephely pedag\u00f3gusai<\/td>\n<\/tr>\n<tr>\n<td width=\"50%\">Id\u0151sek napi k\u00f6zs\u00e9gi m\u0171sor<\/td>\n<td width=\"20%\">2022. febru\u00e1r<\/td>\n<td width=\"28%\">Tarj\u00e1nyi L\u00e1szl\u00f3n\u00e9<\/td>\n<\/tr>\n<tr>\n<td width=\"50%\">Vass Albert 24 \u00f3r\u00e1s felolvas\u00f3 nap<\/td>\n<td width=\"20%\">2022 febru\u00e1r<\/td>\n<td width=\"28%\">Szalai Zsuzsanna<\/td>\n<\/tr>\n<tr>\n<td width=\"50%\">Anyanyelv Nemzetk\u00f6zi Napja<\/td>\n<td width=\"20%\">2022.02.26<\/td>\n<td width=\"28%\">telephely pedag\u00f3gusai<\/td>\n<\/tr>\n<tr>\n<td width=\"50%\"><strong>M\u00e1rcius<\/strong><\/td>\n<td width=\"20%\"><\/td>\n<td width=\"28%\">&nbsp;<\/td>\n<\/tr>\n<tr>\n<td width=\"50%\">Munka\u00e9rtekezlet<\/td>\n<td width=\"20%\">2022.03.03<\/td>\n<td width=\"28%\">tagint\u00e9zm\u00e9ny-vezet\u0151<\/td>\n<\/tr>\n<tr>\n<td width=\"50%\">Megeml\u00e9kez\u00e9s m\u00e1rcius 15-\u00e9r\u0151l<\/td>\n<td width=\"20%\">2022.03.11<\/td>\n<td width=\"28%\">telephely pedag\u00f3gusai<\/td>\n<\/tr>\n<tr>\n<td width=\"50%\">Ny\u00edlt nap az iskol\u00e1ban<\/td>\n<td width=\"20%\">m\u00e1rc.22<\/td>\n<td width=\"28%\">telephely pedag\u00f3gusai<\/td>\n<\/tr>\n<tr>\n<td colspan=\"3\" width=\"100%\"><strong>\u00c1prilis<\/strong><\/td>\n<\/tr>\n<tr>\n<td width=\"50%\">Di\u00e1kmise Magyarlakon<\/td>\n<td width=\"20%\">2022.04.01<\/td>\n<td width=\"28%\">\u00c1gnes n\u0151v\u00e9r\u00a0\u00a0\u00a0\u00a0 Szalai Zsuzsanna<\/td>\n<\/tr>\n<tr>\n<td width=\"50%\">Munka\u00e9rtekezlet<\/td>\n<td width=\"20%\">2022.04.04<\/td>\n<td width=\"28%\">tagint\u00e9zm\u00e9ny-vezet\u0151<\/td>\n<\/tr>\n<tr>\n<td width=\"50%\">Szaval\u00f3verseny a k\u00f6lt\u00e9szet napja alkalm\u00e1b\u00f3l<\/td>\n<td width=\"20%\">2022.04.11<\/td>\n<td width=\"28%\">Szalai Zsuzsanna<\/td>\n<\/tr>\n<tr>\n<td width=\"50%\">H\u00fasv\u00e9ti hagyom\u00e1nyok \u00e1pol\u00e1sa, szok\u00e1sok- k\u00f6z\u00f6ss\u00e9gi program<\/td>\n<td width=\"20%\">2022.04.13<\/td>\n<td width=\"28%\">telephely pedag\u00f3gusai<\/td>\n<\/tr>\n<tr>\n<td width=\"50%\">Fogad\u00f3\u00f3ra<\/td>\n<td width=\"20%\">2022.04.22<\/td>\n<td width=\"28%\">telephely pedag\u00f3gusai<\/td>\n<\/tr>\n<tr>\n<td width=\"50%\">\u00c1ltal\u00e1nos iskolai beiratkoz\u00e1s<\/td>\n<td width=\"20%\">2022.04.21-22.<\/td>\n<td width=\"28%\">tagint\u00e9zm\u00e9ny-vezet\u0151<\/td>\n<\/tr>\n<tr>\n<td width=\"50%\">Fenntarthat\u00f3s\u00e1gi t\u00e9mah\u00e9t<\/td>\n<td width=\"20%\">2022.04.25-29.<\/td>\n<td width=\"28%\">telephely pedag\u00f3gusai<\/td>\n<\/tr>\n<tr>\n<td width=\"50%\">Kist\u00e9rs\u00e9gi mesemond\u00f3 verseny<\/td>\n<td width=\"20%\">2022.04.28<\/td>\n<td width=\"28%\">telephely pedag\u00f3gusai<\/td>\n<\/tr>\n<tr>\n<td colspan=\"3\" width=\"100%\"><strong>M\u00e1jus<\/strong><\/td>\n<\/tr>\n<tr>\n<td width=\"50%\">Alkalmazotti csapat\u00e9p\u00edt\u0151 tr\u00e9ning<\/td>\n<td width=\"20%\">2022.05.02<\/td>\n<td width=\"28%\">alkalmazotti k\u00f6z\u00f6ss\u00e9g<\/td>\n<\/tr>\n<tr>\n<td width=\"50%\">Munka\u00e9rtekezlet<\/td>\n<td width=\"20%\">2022.05.03<\/td>\n<td width=\"28%\">tagint\u00e9zm\u00e9ny-vezet\u0151<\/td>\n<\/tr>\n<tr>\n<td width=\"50%\">Di\u00e1kmise Cs\u00f6r\u00f6tneken<\/td>\n<td width=\"20%\">2022.05.06<\/td>\n<td width=\"28%\">\u00c1gnes n\u0151v\u00e9r\u00a0\u00a0\u00a0\u00a0 Szalai Zsuzsanna<\/td>\n<\/tr>\n<tr>\n<td width=\"50%\">Madarak \u00e9s f\u00e1k napja<\/td>\n<td width=\"20%\">2022.05.10<\/td>\n<td width=\"28%\">az iskola tanul\u00f3i \u00e9s nevel\u0151i<\/td>\n<\/tr>\n<tr>\n<td width=\"50%\">T\u00e9rs\u00e9gi term\u00e9szetismereti verseny<\/td>\n<td width=\"20%\">2022.05.13<\/td>\n<td width=\"28%\">Mezein\u00e9 Kiss Katalin Melinda<\/td>\n<\/tr>\n<tr>\n<td width=\"50%\">Oszt\u00e1lykir\u00e1ndul\u00e1s<\/td>\n<td width=\"20%\">m\u00e1j.22<\/td>\n<td width=\"28%\">telephely pedag\u00f3gusai<\/td>\n<\/tr>\n<tr>\n<td colspan=\"3\" width=\"100%\"><strong>J\u00fanius<\/strong><\/td>\n<\/tr>\n<tr>\n<td width=\"50%\">Oszt\u00e1lyoz\u00f3 \u00e9rtekezlet, esetmegbesz\u00e9l\u00e9s<\/td>\n<td width=\"20%\">2022.06.09<\/td>\n<td width=\"28%\">tagint\u00e9zm\u00e9ny-vezet\u0151<\/td>\n<\/tr>\n<tr>\n<td width=\"50%\">Gyermeknap, sportnap, D\u00d6K-nap<\/td>\n<td width=\"20%\">2022.06.14<\/td>\n<td width=\"28%\">Kov\u00e1cs Attila, Bogn\u00e1r Szilvia<\/td>\n<\/tr>\n<tr>\n<td width=\"50%\">Te deum tan\u00e9vz\u00e1r\u00f3 \u00fcnnep\u00e9ly<\/td>\n<td width=\"20%\">2022.06.19<\/td>\n<td width=\"28%\">tagint\u00e9zm\u00e9ny-vezet\u0151<\/td>\n<\/tr>\n<tr>\n<td width=\"50%\">Tan\u00e9vz\u00e1r\u00f3 \u00e9rtekezlet<\/td>\n<td width=\"20%\">2022.06.20<\/td>\n<td width=\"28%\">tagint\u00e9zm\u00e9ny-vezet\u0151<\/td>\n<\/tr>\n<tr>\n<td width=\"50%\">&nbsp;<\/td>\n<td width=\"20%\">&nbsp;<\/td>\n<td width=\"28%\">&nbsp;<\/td>\n<\/tr>\n<\/tbody>\n<\/table>\n<p><strong>\u00a0<\/strong><\/p>\n<p><strong>\u00a0<\/strong><\/p>\n","protected":false},"excerpt":{"rendered":"<p>PROGRAMNAPT\u00c1R A 2021\/2022. tan\u00e9v programjai, rendezv\u00e9nyei Tagint\u00e9zm\u00e9ny PROGRAM ID\u0150PONT FELEL\u0150S Augusztus Veni Sancte tan\u00e9vnyit\u00f3 \u00fcnneps\u00e9g a cs\u00f6r\u00f6tneki \u00d6r\u00f6k ige templomban 2021.08.28. tagint\u00e9zm\u00e9ny-vezet\u0151 Tan\u00e9vnyit\u00f3 \u00e9rtekezlet 2021.08.30. tagint\u00e9zm\u00e9ny-vezet\u0151 Szeptember Els\u0151s\u00f6k befogad\u00f3 \u00fcnneps\u00e9ge 2021.09.01. tagint\u00e9zm\u00e9ny-vezet\u0151<a class=\"moretag\" href=\"https:\/\/altisk-mlak.edu.hu\/index.php\/a-2021-22-es-tanev-programja\/\">Read More&#8230;<\/a><\/p>\n","protected":false},"author":3,"featured_media":0,"parent":0,"menu_order":0,"comment_status":"closed","ping_status":"closed","template":"","meta":{"two_page_speed":[],"footnotes":""},"class_list":["post-1014","page","type-page","status-publish","hentry"],"_links":{"self":[{"href":"https:\/\/altisk-mlak.edu.hu\/index.php\/wp-json\/wp\/v2\/pages\/1014","targetHints":{"allow":["GET"]}}],"collection":[{"href":"https:\/\/altisk-mlak.edu.hu\/index.php\/wp-json\/wp\/v2\/pages"}],"about":[{"href":"https:\/\/altisk-mlak.edu.hu\/index.php\/wp-json\/wp\/v2\/types\/page"}],"author":[{"embeddable":true,"href":"https:\/\/altisk-mlak.edu.hu\/index.php\/wp-json\/wp\/v2\/users\/3"}],"replies":[{"embeddable":true,"href":"https:\/\/altisk-mlak.edu.hu\/index.php\/wp-json\/wp\/v2\/comments?post=1014"}],"version-history":[{"count":1,"href":"https:\/\/altisk-mlak.edu.hu\/index.php\/wp-json\/wp\/v2\/pages\/1014\/revisions"}],"predecessor-version":[{"id":1015,"href":"https:\/\/altisk-mlak.edu.hu\/index.php\/wp-json\/wp\/v2\/pages\/1014\/revisions\/1015"}],"wp:attachment":[{"href":"https:\/\/altisk-mlak.edu.hu\/index.php\/wp-json\/wp\/v2\/media?parent=1014"}],"curies":[{"name":"wp","href":"https:\/\/api.w.org\/{rel}","templated":true}]}}