{"id":132,"date":"2018-01-15T14:06:47","date_gmt":"2018-01-15T14:06:47","guid":{"rendered":"http:\/\/127.0.0.1\/altisk\/?page_id=132"},"modified":"2026-01-09T07:40:23","modified_gmt":"2026-01-09T07:40:23","slug":"dokumentumok","status":"publish","type":"page","link":"https:\/\/altisk-mlak.edu.hu\/index.php\/dokumentumok\/","title":{"rendered":"Dokumentumok"},"content":{"rendered":"<table style=\"height: 1262px; width: 100%;\" width=\"100%\">\n<tbody>\n<tr style=\"height: 41px;\">\n<td style=\"width: 53%; height: 41px;\">Alap\u00edt\u00f3 okirat &#8211; 2021.06.18.<\/td>\n<td style=\"width: 28.6453%; height: 41px;\"><a href=\"https:\/\/altisk-mlak.edu.hu\/wp-content\/uploads\/2024\/03\/Alapito-okirat.pdf\">megtekint\u00e9s<\/a><\/td>\n<td style=\"width: 12.3547%; height: 41px;\">1,3 M<\/td>\n<\/tr>\n<tr style=\"height: 41px;\">\n<td style=\"width: 53%; height: 41px;\">H\u00e1zirend &#8211; 2017.11.08.<\/td>\n<td style=\"width: 28.6453%; height: 41px;\"><a href=\"https:\/\/altisk-mlak.edu.hu\/wp-content\/uploads\/2018\/02\/H\u00c1ZIREND.pdf\">megtekint\u00e9s<\/a><\/td>\n<td style=\"width: 12.3547%; height: 41px;\">639 kb<\/td>\n<\/tr>\n<tr style=\"height: 41px;\">\n<td style=\"width: 53%; height: 41px;\">H\u00e1zirend &#8211; 2021-22.<\/td>\n<td style=\"width: 28.6453%; height: 41px;\"><a href=\"https:\/\/altisk-mlak.edu.hu\/wp-content\/uploads\/2022\/04\/HAZIREND_Magyarlak-Csorotnek-2021-22.pdf\">megtekint\u00e9s<\/a><\/td>\n<td style=\"width: 12.3547%; height: 41px;\">753 kB<\/td>\n<\/tr>\n<tr style=\"height: 28px;\">\n<td style=\"width: 53%; height: 28px;\">H\u00e1zirend 2024.<\/td>\n<td style=\"width: 28.6453%; height: 28px;\"><a href=\"https:\/\/altisk-mlak.edu.hu\/wp-content\/uploads\/2024\/09\/Hazirend_2024.pdf\">megtekint\u00e9s<\/a><\/td>\n<td style=\"width: 12.3547%; height: 28px;\">880 kB<\/td>\n<\/tr>\n<tr style=\"height: 41px;\">\n<td style=\"width: 53%; height: 41px;\">Az iskola \u00e1ltal elv\u00e1rt viselked\u00e9s szab\u00e1lyai<\/td>\n<td style=\"width: 28.6453%; height: 41px;\"><a href=\"https:\/\/altisk-mlak.edu.hu\/wp-content\/uploads\/2022\/04\/Az_iskola_altal_elvart_viselkedes_szabalyai.pdf\">megtekint\u00e9s<\/a><\/td>\n<td style=\"width: 12.3547%; height: 41px;\">312 kB<\/td>\n<\/tr>\n<tr style=\"height: 41px;\">\n<td style=\"width: 53%; height: 41px;\">Szervezeti \u00e9s M\u0171k\u00f6d\u00e9si Szab\u00e1lyzat &#8211; 2021.08.31.<\/td>\n<td style=\"width: 28.6453%; height: 41px;\"><a href=\"https:\/\/altisk-mlak.edu.hu\/wp-content\/uploads\/2024\/03\/SzMSz.pdf\">megtekint\u00e9s<\/a><\/td>\n<td style=\"width: 12.3547%; height: 41px;\">1,3 Mb<\/td>\n<\/tr>\n<tr style=\"height: 28px;\">\n<td style=\"width: 53%; height: 28px;\">Szervezeti \u00e9s M\u0171k\u00f6d\u00e9si Szab\u00e1lyzat 2024.<\/td>\n<td style=\"width: 28.6453%; height: 28px;\"><a href=\"https:\/\/altisk-mlak.edu.hu\/wp-content\/uploads\/2024\/09\/SZMSZ_2024.pdf\">megtekint\u00e9s<\/a><\/td>\n<td style=\"width: 12.3547%; height: 28px;\">1,1 MB<\/td>\n<\/tr>\n<tr style=\"height: 28px;\">\n<td style=\"width: 53%; height: 28px;\">Pedag\u00f3giai program 2021.<\/td>\n<td style=\"width: 28.6453%; height: 28px;\"><a href=\"https:\/\/altisk-mlak.edu.hu\/wp-content\/uploads\/2022\/04\/PEDAGOGIAI-PROGRAM.pdf\">megtekint\u00e9s<\/a><\/td>\n<td style=\"width: 12.3547%; height: 28px;\">1675 kB<\/td>\n<\/tr>\n<tr style=\"height: 28px;\">\n<td style=\"width: 53%; height: 28px;\">Pedag\u00f3giai Program 2024.<\/td>\n<td style=\"width: 28.6453%; height: 28px;\"><a href=\"https:\/\/altisk-mlak.edu.hu\/wp-content\/uploads\/2024\/09\/PedProg_2024.pdf\">megtekint\u00e9s<\/a><\/td>\n<td style=\"width: 12.3547%; height: 28px;\">1,7 MB<\/td>\n<\/tr>\n<tr style=\"height: 28px;\">\n<td style=\"width: 53%; height: 28px;\">Panaszkezel\u00e9si Szab\u00e1lyzat 2024.<\/td>\n<td style=\"width: 28.6453%; height: 28px;\"><a href=\"https:\/\/altisk-mlak.edu.hu\/wp-content\/uploads\/2024\/06\/Panaszkezelesi-Szabalyzat.pdf\">megtekint\u00e9s<\/a><\/td>\n<td style=\"width: 12.3547%; height: 28px;\">115 kB<\/td>\n<\/tr>\n<tr style=\"height: 41px;\">\n<td style=\"width: 53%; height: 41px;\">Felv\u00e9teli lehet\u0151s\u00e9gekr\u0151l sz\u00f3l\u00f3 t\u00e1j\u00e9koztat\u00f3<\/td>\n<td style=\"width: 28.6453%; height: 41px;\"><a href=\"https:\/\/altisk-mlak.edu.hu\/wp-content\/uploads\/2018\/02\/Felv\u00e9teli-lehet\u0151s\u00e9gekr\u0151l-sz\u00f3l\u00f3-t\u00e1j\u00e9koztat\u00f3.pdf\">megtekint\u00e9s<\/a><\/td>\n<td style=\"width: 12.3547%; height: 41px;\">204 kb<\/td>\n<\/tr>\n<tr style=\"height: 41px;\">\n<td style=\"width: 53%; height: 41px;\">H\u00e1zi feladatok szab\u00e1lyai<\/td>\n<td style=\"width: 28.6453%; height: 41px;\"><a href=\"https:\/\/altisk-mlak.edu.hu\/wp-content\/uploads\/2018\/02\/H\u00e1zi-feladatok-szab\u00e1lyai.pdf\">megtekint\u00e9s<\/a><\/td>\n<td style=\"width: 12.3547%; height: 41px;\">271 kb<\/td>\n<\/tr>\n<tr style=\"height: 41px;\">\n<td style=\"width: 53%; height: 41px;\">Kompetenciam\u00e9r\u00e9s eredm\u00e9nyei &#8211; 2016<\/td>\n<td style=\"width: 28.6453%; height: 41px;\"><a href=\"https:\/\/altisk-mlak.edu.hu\/wp-content\/uploads\/2018\/02\/Kompetenciam\u00e9r\u00e9s-eredm\u00e9nyei.pdf\">megtekint\u00e9s<\/a><\/td>\n<td style=\"width: 12.3547%; height: 41px;\">350 kb<\/td>\n<\/tr>\n<tr style=\"height: 41px;\">\n<td style=\"width: 53%; height: 41px;\">Kompetenciam\u00e9r\u00e9s eredm\u00e9nyeinek elemz\u00e9se &#8211; 2018<\/td>\n<td style=\"width: 28.6453%; height: 41px;\"><a href=\"https:\/\/altisk-mlak.edu.hu\/wp-content\/uploads\/2024\/03\/Kompetenciameres-eredmenyeinek-elemzese-2018-Magyarlak-Csorotnek.pdf\">megtekint\u00e9s<\/a><\/td>\n<td style=\"width: 12.3547%; height: 41px;\">1,3 Mb<\/td>\n<\/tr>\n<tr style=\"height: 41px;\">\n<td style=\"width: 53%; height: 41px;\">Kompetenciam\u00e9r\u00e9s eredm\u00e9nyeinek elemz\u00e9se &#8211; 2019<\/td>\n<td style=\"width: 28.6453%; height: 41px;\"><a href=\"https:\/\/altisk-mlak.edu.hu\/wp-content\/uploads\/2024\/03\/Kompetenciameres-eredmenyeinek-elemzese-2019-Magyarlak-Csorotnek-2.pdf\">megtekint\u00e9s<\/a><\/td>\n<td style=\"width: 12.3547%; height: 41px;\">1,5 MB<\/td>\n<\/tr>\n<tr style=\"height: 41px;\">\n<td style=\"width: 53%; height: 41px;\">Kompetenciam\u00e9r\u00e9s eredm\u00e9nyei &#8211; 2020<\/td>\n<td style=\"width: 28.6453%; height: 41px;\"><a href=\"https:\/\/altisk-mlak.edu.hu\/wp-content\/uploads\/2024\/03\/Kompetenciameres-eredmenyei-2020-Magyarlak-Csorotnek.pdf\">megtekint\u00e9s<\/a><\/td>\n<td style=\"width: 12.3547%; height: 41px;\">200 kB<\/td>\n<\/tr>\n<tr style=\"height: 41px;\">\n<td style=\"width: 53%; height: 41px;\">Kompetenciam\u00e9r\u00e9s eredm\u00e9nyeinek elemz\u00e9se &#8211; 2021<\/td>\n<td style=\"width: 28.6453%; height: 41px;\"><a href=\"https:\/\/altisk-mlak.edu.hu\/wp-content\/uploads\/2024\/03\/Kompetenciameres-eredmenyeinek-elemzese-2021-Magyarlak-Csorotnek.pdf\">megtekint\u00e9s<\/a><\/td>\n<td style=\"width: 12.3547%; height: 41px;\">660 kB<\/td>\n<\/tr>\n<tr style=\"height: 41px;\">\n<td style=\"width: 53%; height: 41px;\">Kompetenciam\u00e9r\u00e9s eredm\u00e9nyei &#8211; 2022<\/td>\n<td style=\"width: 28.6453%; height: 41px;\"><a href=\"https:\/\/altisk-mlak.edu.hu\/wp-content\/uploads\/2024\/03\/Kompetenciameres-eredmenyei-2022-Magyarlak-Csorotnek.pdf\">megtekint\u00e9s<\/a><\/td>\n<td style=\"width: 12.3547%; height: 41px;\">974 kB<\/td>\n<\/tr>\n<tr style=\"height: 41px;\">\n<td style=\"width: 53%; height: 41px;\">Kompetenciam\u00e9r\u00e9s eredm\u00e9nyei &#8211; 2023<\/td>\n<td style=\"width: 28.6453%; height: 41px;\"><a href=\"https:\/\/altisk-mlak.edu.hu\/wp-content\/uploads\/2024\/07\/Kompetenciameres_eredmenyei_2023.pdf\">megtekint\u00e9s<\/a><\/td>\n<td style=\"width: 12.3547%; height: 41px;\">202 kB<\/td>\n<\/tr>\n<tr>\n<td style=\"width: 53%;\">Kompetenciam\u00e9r\u00e9s eredm\u00e9nyei &#8211; 2024<\/td>\n<td style=\"width: 28.6453%;\"><a href=\"https:\/\/altisk-mlak.edu.hu\/wp-content\/uploads\/2026\/01\/Kompetenciameres-eredmenyeinek-elemezese-2024.docx\">megtekint\u00e9s<\/a><\/td>\n<td style=\"width: 12.3547%;\">400 kB<\/td>\n<\/tr>\n<tr style=\"height: 28px;\">\n<td style=\"width: 53%; height: 28px;\">NETFIT-m\u00e9r\u00e9s 2023-2024<\/td>\n<td style=\"width: 28.6453%; height: 28px;\"><a href=\"https:\/\/altisk-mlak.edu.hu\/wp-content\/uploads\/2024\/07\/NETFIT_meres_2023-2024.pdf\">megtekint\u00e9s<\/a><\/td>\n<td style=\"width: 12.3547%; height: 28px;\">2 MB<\/td>\n<\/tr>\n<tr>\n<td style=\"width: 53%;\">NETFIT-m\u00e9r\u00e9s 2024-2025<\/td>\n<td style=\"width: 28.6453%;\"><a href=\"https:\/\/altisk-mlak.edu.hu\/wp-content\/uploads\/2026\/01\/NETFIT-meres-2024-2025.docx\">megtekint\u00e9s<\/a><\/td>\n<td style=\"width: 12.3547%;\">14 kB<\/td>\n<\/tr>\n<tr style=\"height: 41px;\">\n<td style=\"width: 53%; height: 41px;\">Vizsgaid\u0151szakok<\/td>\n<td style=\"width: 28.6453%; height: 41px;\"><a href=\"https:\/\/altisk-mlak.edu.hu\/wp-content\/uploads\/2018\/02\/Vizsgaid\u0151szakok.pdf\">megtekint\u00e9s<\/a><\/td>\n<td style=\"width: 12.3547%; height: 41px;\">242 kB<\/td>\n<\/tr>\n<tr style=\"height: 41px;\">\n<td style=\"width: 53%; height: 41px;\">Pedag\u00f3gusok iskolai v\u00e9gzetts\u00e9ge<\/td>\n<td style=\"width: 28.6453%; height: 41px;\"><a href=\"https:\/\/altisk-mlak.edu.hu\/wp-content\/uploads\/2018\/02\/Pedag\u00f3gusok-iskolai-v\u00e9gzetts\u00e9ge.pdf\">megtekint\u00e9s<\/a><\/td>\n<td style=\"width: 12.3547%; height: 41px;\">207 kB<\/td>\n<\/tr>\n<tr style=\"height: 41px;\">\n<td style=\"width: 53%; height: 41px;\">Munkaterv Magyarlak-Cs\u00f6r\u00f6tnek \u00c1ltal\u00e1nos Iskol\u00e1ja 2016-2017<\/td>\n<td style=\"width: 28.6453%; height: 41px;\"><a href=\"https:\/\/altisk-mlak.edu.hu\/wp-content\/uploads\/2020\/03\/Munkaterv-Magyarlak-Cs\u00f6r\u00f6tnek-\u00c1ltal\u00e1nos-Iskol\u00e1ja-2016-2017.pdf\">megtekint\u00e9s<\/a><\/td>\n<td style=\"width: 12.3547%; height: 41px;\">2510 kb<\/td>\n<\/tr>\n<tr style=\"height: 41px;\">\n<td style=\"width: 53%; height: 41px;\">Munkaterv Magyarlak-Cs\u00f6r\u00f6tnek \u00c1ltal\u00e1nos Iskol\u00e1ja 2017-2018<\/td>\n<td style=\"width: 28.6453%; height: 41px;\"><a href=\"https:\/\/altisk-mlak.edu.hu\/wp-content\/uploads\/2020\/03\/Munkaterv-Magyarlak-Cs\u00f6r\u00f6tnek-\u00c1ltal\u00e1nos-Iskol\u00e1ja-2017-2018.pdf\">megtekint\u00e9s<\/a><\/td>\n<td style=\"width: 12.3547%; height: 41px;\">1004 kb<\/td>\n<\/tr>\n<tr style=\"height: 41px;\">\n<td style=\"width: 53%; height: 41px;\">Munkaterv Magyarlak-Cs\u00f6r\u00f6tnek \u00c1ltal\u00e1nos Iskol\u00e1ja 2018-2019<\/td>\n<td style=\"width: 28.6453%; height: 41px;\"><a href=\"https:\/\/altisk-mlak.edu.hu\/wp-content\/uploads\/2020\/03\/Munkaterv-Magyarlak-Cs\u00f6r\u00f6tnek-\u00c1ltal\u00e1nos-Iskol\u00e1ja-2018-2019-.pdf\">megtekint\u00e9s<\/a><\/td>\n<td style=\"width: 12.3547%; height: 41px;\">832 kb<\/td>\n<\/tr>\n<tr style=\"height: 41px;\">\n<td style=\"width: 53%; height: 41px;\">Munkaterv Magyarlak-Cs\u00f6r\u00f6tnek \u00c1ltal\u00e1nos Iskol\u00e1ja 2019-2020<\/td>\n<td style=\"width: 28.6453%; height: 41px;\"><a href=\"http:\/\/altisk-mlak.sulinet.hu\/wp-content\/uploads\/2020\/03\/Munkaterv_Magyarlak-Cs\u00f6r\u00f6tnek-\u00c1ltal\u00e1nos-Iskol\u00e1ja-2019-2020.-tan\u00e9v.pdf\">megtekint\u00e9s<\/a><\/td>\n<td style=\"width: 12.3547%; height: 41px;\">2394 kb<\/td>\n<\/tr>\n<tr style=\"height: 41px;\">\n<td style=\"width: 53%; height: 41px;\">Munkaterv Magyarlak-Cs\u00f6r\u00f6tnek \u00c1ltal\u00e1nos Iskol\u00e1ja 2021-2022<\/td>\n<td style=\"width: 28.6453%; height: 41px;\"><a href=\"https:\/\/altisk-mlak.edu.hu\/wp-content\/uploads\/2022\/04\/Munkaterv_Magyarlak-Csorotnek_Altalanos_Iskola_2021-2022._tanev.pdf\">megtekint\u00e9s<\/a><\/td>\n<td style=\"width: 12.3547%; height: 41px;\">466 kB<\/td>\n<\/tr>\n<tr style=\"height: 41px;\">\n<td style=\"width: 53%; height: 41px;\">Munkaterv Magyarlak-Cs\u00f6r\u00f6tnek \u00c1ltal\u00e1nos Iskol\u00e1ja 2022-2023<\/td>\n<td style=\"width: 28.6453%; height: 41px;\"><a href=\"https:\/\/altisk-mlak.edu.hu\/wp-content\/uploads\/2022\/10\/Munkaterv_Magyarlak-Csorotnek_Altalanos_Iskolaja_2022-2023._tanev.pdf\">megtekint\u00e9s<\/a><\/td>\n<td style=\"width: 12.3547%; height: 41px;\">713 kB<\/td>\n<\/tr>\n<tr style=\"height: 41px;\">\n<td style=\"width: 53%; height: 41px;\">Munkaterv Magyarlak-Cs\u00f6r\u00f6tnek \u00c1ltal\u00e1nos Iskol\u00e1ja 2023-2024<\/td>\n<td style=\"width: 28.6453%; height: 41px;\"><a href=\"https:\/\/altisk-mlak.edu.hu\/wp-content\/uploads\/2024\/03\/Munkaterv_Magyarlak-Csorotnek-Altalanos-Iskolaja-2023-2024.-tanev-vegl.pdf\">megtekint\u00e9s<\/a><\/td>\n<td style=\"width: 12.3547%; height: 41px;\">773 kB<\/td>\n<\/tr>\n<tr style=\"height: 41px;\">\n<td style=\"width: 53%; height: 41px;\">Munkaterv Magyarlak-Cs\u00f6r\u00f6tnek \u00c1ltal\u00e1nos Iskol\u00e1ja 2024-2025<\/td>\n<td style=\"width: 28.6453%; height: 41px;\"><a href=\"https:\/\/altisk-mlak.edu.hu\/wp-content\/uploads\/2024\/11\/Munkaterv_Magyarlak-Csorotnek-Altalanos-Iskolaja-2024-2025.pdf\">megtekint\u00e9s<\/a><\/td>\n<td style=\"width: 12.3547%; height: 41px;\">1,1 MB<\/td>\n<\/tr>\n<tr style=\"height: 41px;\">\n<td style=\"width: 53%; height: 41px;\">Munkaterv Magyarlak-Cs\u00f6r\u00f6tnek \u00c1ltal\u00e1nos Iskol\u00e1ja 2025-2026<\/td>\n<td style=\"width: 28.6453%; height: 41px;\"><a href=\"https:\/\/altisk-mlak.edu.hu\/wp-content\/uploads\/2025\/09\/Munkaterv-2025-2026.-tanev.pdf\">megtekint\u00e9s<\/a><\/td>\n<td style=\"width: 12.3547%; height: 41px;\">1,1 MB<\/td>\n<\/tr>\n<tr style=\"height: 41px;\">\n<td style=\"width: 53%; height: 41px;\">2018-2019. \u00e9vi besz\u00e1mol\u00f3<\/td>\n<td style=\"width: 28.6453%; height: 41px;\"><a href=\"https:\/\/altisk-mlak.edu.hu\/wp-content\/uploads\/2020\/03\/2018-2019._\u00e9vi_besz\u00e1mol\u00f3.pdf\">megtekint\u00e9s<\/a><\/td>\n<td style=\"width: 12.3547%; height: 41px;\">1,58 MB<\/td>\n<\/tr>\n<tr style=\"height: 41px;\">\n<td style=\"width: 53%; height: 41px;\">Tan\u00e9v v\u00e9gi besz\u00e1mol\u00f3 2021-2022.<\/td>\n<td style=\"width: 28.6453%; height: 41px;\"><a href=\"https:\/\/altisk-mlak.edu.hu\/wp-content\/uploads\/2024\/03\/Tanev_vegi_beszamolo_2021-2022_Magyarlak-Csorotnek.pdf\">megtekint\u00e9s<\/a><\/td>\n<td style=\"width: 12.3547%; height: 41px;\">2,6 MB<\/td>\n<\/tr>\n<tr style=\"height: 41px;\">\n<td style=\"width: 53%; height: 41px;\">Tan\u00e9v v\u00e9gi besz\u00e1mol\u00f3 2022-2023.<\/td>\n<td style=\"width: 28.6453%; height: 41px;\"><a href=\"https:\/\/altisk-mlak.edu.hu\/wp-content\/uploads\/2024\/03\/Tanev_vegi_beszamolo_2022-2023_Magyarlak-Csorotnek.pdf\">megtekint\u00e9s<\/a><\/td>\n<td style=\"width: 12.3547%; height: 41px;\">2,8 MB<\/td>\n<\/tr>\n<tr style=\"height: 28px;\">\n<td style=\"width: 53%; height: 28px;\">Tan\u00e9v v\u00e9gi besz\u00e1mol\u00f3 2023-2024.<\/td>\n<td style=\"width: 28.6453%; height: 28px;\"><a href=\"https:\/\/altisk-mlak.edu.hu\/wp-content\/uploads\/2024\/07\/Tanev_vegi_beszamolo_2023-2024.pdf\">megtekint\u00e9s<\/a><\/td>\n<td style=\"width: 12.3547%; height: 28px;\">3,2 MB<\/td>\n<\/tr>\n<tr style=\"height: 28px;\">\n<td style=\"width: 53%; height: 28px;\">Tan\u00e9v v\u00e9gi besz\u00e1mol\u00f3 2024-2025.<\/td>\n<td style=\"width: 28.6453%; height: 28px;\"><a href=\"https:\/\/altisk-mlak.edu.hu\/wp-content\/uploads\/2025\/07\/Tanev_vegi_beszamolo_2024-2025.pdf\">megtekint\u00e9s<\/a><\/td>\n<td style=\"width: 12.3547%; height: 28px;\">1,4 MB<\/td>\n<\/tr>\n<\/tbody>\n<\/table>\n<h2>Helyi tanterv t\u00e1rgyank\u00e9nti bont\u00e1sban<\/h2>\n<p><a href=\"http:\/\/altisk-mlak.sulinet.hu\/wp-content\/uploads\/2020\/03\/1.2.1_magyar_1-4.pdf\">Magyar nyelv_1-4. oszt\u00e1ly<\/a><\/p>\n<p><a href=\"http:\/\/altisk-mlak.sulinet.hu\/wp-content\/uploads\/2020\/03\/1.2.2_idnyelv_1-4.pdf\">Idegen nyelv_1-4. oszt\u00e1ly<\/a><\/p>\n<p><a href=\"http:\/\/altisk-mlak.sulinet.hu\/wp-content\/uploads\/2020\/03\/1.2.3_matemat_1-4.pdf\">Matematika_1-4. oszt\u00e1ly<\/a><\/p>\n<p><a href=\"http:\/\/altisk-mlak.sulinet.hu\/wp-content\/uploads\/2020\/03\/1.2.4_erkolcstan_1-4.pdf\">Erk\u00f6lcstan_1-4. oszt\u00e1ly<\/a><\/p>\n<p><a href=\"http:\/\/altisk-mlak.sulinet.hu\/wp-content\/uploads\/2020\/03\/1.2.5_kornyism_1-4.pdf\">K\u00f6rnyezetismeret 1-4. oszt\u00e1ly<\/a><\/p>\n<p><a href=\"http:\/\/altisk-mlak.sulinet.hu\/wp-content\/uploads\/2020\/03\/1.2.6.1_enek_1-4.pdf\">\u00c9nek_1-4. oszt\u00e1ly<\/a><\/p>\n<p><a href=\"http:\/\/altisk-mlak.sulinet.hu\/wp-content\/uploads\/2020\/03\/1.2.7_vizkult_1-4.pdf\">Vizu\u00e1lis kult\u00fara_1-4. oszt\u00e1ly<\/a><\/p>\n<p><a href=\"http:\/\/altisk-mlak.sulinet.hu\/wp-content\/uploads\/2020\/03\/1.2.8_eletvitel_1-4.pdf\">\u00c9letvitel_1-4. oszt\u00e1ly<\/a><\/p>\n<p><a href=\"http:\/\/altisk-mlak.sulinet.hu\/wp-content\/uploads\/2020\/03\/1.2.9_testnev_1-4.pdf\">Testnevel\u00e9s_1-4. oszt\u00e1ly<\/a><\/p>\n<p><a href=\"http:\/\/altisk-mlak.sulinet.hu\/wp-content\/uploads\/2020\/03\/2.2.01.1_magyar_5-8_a.pdf\">Magyar nyelv_5-8. oszt\u00e1ly<\/a><\/p>\n<p><a href=\"http:\/\/altisk-mlak.sulinet.hu\/wp-content\/uploads\/2020\/03\/2.2.03_matemat_5-8.pdf\">Matematika_5-8. oszt\u00e1ly<\/a><\/p>\n<p><a href=\"http:\/\/altisk-mlak.sulinet.hu\/wp-content\/uploads\/2020\/03\/2.2.07_termism_5-6.pdf\">Term\u00e9szetismeret_5-6. oszt\u00e1ly<\/a><\/p>\n<p><a href=\"http:\/\/altisk-mlak.sulinet.hu\/wp-content\/uploads\/2020\/03\/2.2.11_foldrajz_7-8.pdf\">F\u00f6ldrajz_7-8. oszt\u00e1ly<\/a><\/p>\n<p><a href=\"http:\/\/altisk-mlak.sulinet.hu\/wp-content\/uploads\/2020\/03\/2.2.14_vizkult_5-8.pdf\">Vizu\u00e1lis kult\u00fara_5-8. oszt\u00e1ly<\/a><\/p>\n<p><a href=\"http:\/\/altisk-mlak.sulinet.hu\/wp-content\/uploads\/2020\/03\/2.2.16_eletvitel_5-8.pdf\">\u00c9letvitel_5-8. oszt\u00e1ly<\/a><\/p>\n<p><a href=\"http:\/\/altisk-mlak.sulinet.hu\/wp-content\/uploads\/2020\/03\/informatika-4-8.pdf\">Informatika 4-8. oszt\u00e1ly<\/a><\/p>\n<p><a href=\"http:\/\/altisk-mlak.sulinet.hu\/wp-content\/uploads\/2020\/03\/irodalom_5-8.pdf\">Irodalom_5-8. oszt\u00e1ly<\/a><\/p>\n<p><a href=\"http:\/\/altisk-mlak.sulinet.hu\/wp-content\/uploads\/2020\/03\/kemia_7_8_b.pdf\">K\u00e9mia 7-8. oszt\u00e1ly<\/a><\/p>\n<p><a href=\"http:\/\/altisk-mlak.sulinet.hu\/wp-content\/uploads\/2020\/03\/t\u00f6rt\u00e9nelem.pdf\">T<\/a><a href=\"http:\/\/altisk-mlak.sulinet.hu\/wp-content\/uploads\/2020\/03\/t\u00f6rt\u00e9nelem.pdf\">\u00f6rt\u00e9nelem<\/a><\/p>\n","protected":false},"excerpt":{"rendered":"<p>Alap\u00edt\u00f3 okirat &#8211; 2021.06.18. megtekint\u00e9s 1,3 M H\u00e1zirend &#8211; 2017.11.08. megtekint\u00e9s 639 kb H\u00e1zirend &#8211; 2021-22. megtekint\u00e9s 753 kB H\u00e1zirend 2024. megtekint\u00e9s 880 kB Az iskola \u00e1ltal elv\u00e1rt viselked\u00e9s szab\u00e1lyai megtekint\u00e9s 312<a class=\"moretag\" href=\"https:\/\/altisk-mlak.edu.hu\/index.php\/dokumentumok\/\">Read More&#8230;<\/a><\/p>\n","protected":false},"author":1,"featured_media":0,"parent":0,"menu_order":0,"comment_status":"closed","ping_status":"closed","template":"","meta":{"two_page_speed":[],"footnotes":""},"class_list":["post-132","page","type-page","status-publish","hentry"],"_links":{"self":[{"href":"https:\/\/altisk-mlak.edu.hu\/index.php\/wp-json\/wp\/v2\/pages\/132","targetHints":{"allow":["GET"]}}],"collection":[{"href":"https:\/\/altisk-mlak.edu.hu\/index.php\/wp-json\/wp\/v2\/pages"}],"about":[{"href":"https:\/\/altisk-mlak.edu.hu\/index.php\/wp-json\/wp\/v2\/types\/page"}],"author":[{"embeddable":true,"href":"https:\/\/altisk-mlak.edu.hu\/index.php\/wp-json\/wp\/v2\/users\/1"}],"replies":[{"embeddable":true,"href":"https:\/\/altisk-mlak.edu.hu\/index.php\/wp-json\/wp\/v2\/comments?post=132"}],"version-history":[{"count":48,"href":"https:\/\/altisk-mlak.edu.hu\/index.php\/wp-json\/wp\/v2\/pages\/132\/revisions"}],"predecessor-version":[{"id":3809,"href":"https:\/\/altisk-mlak.edu.hu\/index.php\/wp-json\/wp\/v2\/pages\/132\/revisions\/3809"}],"wp:attachment":[{"href":"https:\/\/altisk-mlak.edu.hu\/index.php\/wp-json\/wp\/v2\/media?parent=132"}],"curies":[{"name":"wp","href":"https:\/\/api.w.org\/{rel}","templated":true}]}}