{"id":2278,"date":"2024-06-12T06:54:13","date_gmt":"2024-06-12T06:54:13","guid":{"rendered":"https:\/\/altisk-mlak.edu.hu\/?page_id=2278"},"modified":"2024-06-12T06:54:13","modified_gmt":"2024-06-12T06:54:13","slug":"horvath-lilla-kerteszkedes","status":"publish","type":"page","link":"https:\/\/altisk-mlak.edu.hu\/index.php\/horvath-lilla-kerteszkedes\/","title":{"rendered":"Horv\u00e1th Lilla: Kert\u00e9szked\u00e9s"},"content":{"rendered":"<p><img fetchpriority=\"high\" decoding=\"async\" class=\"aligncenter size-full wp-image-2279\" src=\"https:\/\/altisk-mlak.edu.hu\/wp-content\/uploads\/2024\/06\/kerteszkedes.png\" alt=\"\" width=\"470\" height=\"308\" srcset=\"https:\/\/altisk-mlak.edu.hu\/wp-content\/uploads\/2024\/06\/kerteszkedes.png 470w, https:\/\/altisk-mlak.edu.hu\/wp-content\/uploads\/2024\/06\/kerteszkedes-300x197.png 300w\" sizes=\"(max-width: 470px) 100vw, 470px\" \/><\/p>\n<p><span style=\"font-family: Times New Roman, serif;\"><span style=\"font-size: medium;\">Szabadid\u0151mben kert\u00e9szkedem,<br \/>\nEt<\/span><\/span><span style=\"font-family: Times New Roman, serif;\"><span style=\"font-size: medium;\">t\u0151l is jobb a k\u00f6z\u00e9rzetem.<br \/>\n<\/span><\/span><span style=\"font-family: Times New Roman, serif;\"><span style=\"font-size: medium;\">Magokat vetek \u00e9s \u00fcltetek,<br \/>\n<\/span><\/span><span style=\"font-family: Times New Roman, serif;\"><span style=\"font-size: medium;\">otthon pal\u00e1nt\u00e1kat nevelek.<\/span><\/span><\/p>\n<p><span style=\"font-family: Times New Roman, serif;\"><span style=\"font-size: medium;\">A n\u00f6v\u00e9nyeket \u00e9n gondozom,<br \/>\n<\/span><\/span><span style=\"font-family: Times New Roman, serif;\"><span style=\"font-size: medium;\">a kert a m\u00e1sodik otthonom.<br \/>\n<\/span><\/span><span style=\"font-family: Times New Roman, serif;\"><span style=\"font-size: medium;\">Es\u0151v\u00edzzel f\u00f6ldet locsolok,<br \/>\n<\/span><\/span><span style=\"font-family: Times New Roman, serif;\"><span style=\"font-size: medium;\">saj\u00e1t komposztot haszn\u00e1lok.<\/span><\/span><\/p>\n<p><span style=\"font-family: Times New Roman, serif;\"><span style=\"font-size: medium;\">Napos helyet, f\u00f6ldet keresek,<br \/>\n<\/span><\/span><span style=\"font-family: Times New Roman, serif;\"><span style=\"font-size: medium;\">minden praktik\u00e1t bevetek.<br \/>\n<\/span><\/span><span style=\"font-family: Times New Roman, serif;\"><span style=\"font-size: medium;\">Csal\u00e1n lev\u00e9vel is locsolok,<br \/>\n<\/span><\/span><span style=\"font-family: Times New Roman, serif;\"><span style=\"font-size: medium;\">a k\u00e1rtev\u0151kkel harcolok.<\/span><\/span><\/p>\n<p><span style=\"font-family: Times New Roman, serif;\"><span style=\"font-size: medium;\">Az es\u0151vizet is felfogom,<br \/>\n<\/span><\/span><span style=\"font-family: Times New Roman, serif;\"><span style=\"font-size: medium;\">rovarhotel van a birtokon.<br \/>\n<\/span><\/span><span style=\"font-family: Times New Roman, serif;\"><span style=\"font-size: medium;\">Gondos kezeim eredm\u00e9nye,<br \/>\n<\/span><\/span><span style=\"font-family: Times New Roman, serif;\"><span style=\"font-size: medium;\">a kertem sok-sok term\u00e9nye.<\/span><\/span><\/p>\n<p><span style=\"font-family: Times New Roman, serif;\"><span style=\"font-size: medium;\">A pal\u00e1nt\u00e1k term\u00e9st hoznak,<br \/>\n<\/span><\/span><span style=\"font-family: Times New Roman, serif;\"><span style=\"font-size: medium;\">a gazd\u00e1nak \u00f6r\u00f6met okoznak.<br \/>\n<\/span><\/span><span style=\"font-family: Times New Roman, serif;\"><span style=\"font-size: medium;\">A z\u00f6lds\u00e9gb\u0151l f\u0151zel\u00e9k k\u00e9sz\u00fcl,<br \/>\n<\/span><\/span><span style=\"font-family: Times New Roman, serif;\"><span style=\"font-size: medium;\">nem maradunk vitamin n\u00e9lk\u00fcl.<\/span><\/span><\/p>\n<p><span style=\"font-family: Times New Roman, serif;\"><span style=\"font-size: medium;\">A gy\u00fcm\u00f6lcs\u00f6t f\u0151leg nyersen eszem,<br \/>\n<\/span><\/span><span style=\"font-family: Times New Roman, serif;\"><span style=\"font-size: medium;\">a felesleget t\u00e9lre elteszem.<br \/>\n<\/span><\/span><span style=\"font-family: Times New Roman, serif;\"><span style=\"font-size: medium;\">J\u00f3l megt\u00f6lt\u00f6m vele a kamr\u00e1t,<br \/>\n<\/span><\/span><span style=\"font-family: Times New Roman, serif;\"><span style=\"font-size: medium;\">l\u00e1d\u00e1ba teszem a sok alm\u00e1t.<\/span><\/span><\/p>\n<p><span style=\"font-family: Times New Roman, serif;\"><span style=\"font-size: medium;\">A krumplit, r\u00e9p\u00e1t verembe teszem,<br \/>\n<\/span><\/span><span style=\"font-family: Times New Roman, serif;\"><span style=\"font-size: medium;\">\u00edgy el fog \u00e1llni t\u00e9len.<br \/>\n<\/span><\/span><span style=\"font-family: Times New Roman, serif;\"><span style=\"font-size: medium;\">Csal\u00e1dommal csak ezt fogyasztom,<br \/>\n<\/span><\/span><span style=\"font-family: Times New Roman, serif;\"><span style=\"font-size: medium;\">magunkat mindennel ell\u00e1tom.<\/span><\/span><\/p>\n<p><span style=\"font-family: Times New Roman, serif;\"><span style=\"font-size: medium;\">A term\u00e9sb\u0151l mindig adakozom,<br \/>\n<\/span><\/span><span style=\"font-family: Times New Roman, serif;\"><span style=\"font-size: medium;\">\u00f6r\u00fcl\u00f6k, ha m\u00e1soknak adok.<br \/>\n<\/span><\/span><span style=\"font-family: Times New Roman, serif;\"><span style=\"font-size: medium;\">Mindezt az\u00e9rt teszem \u00e9s \u00edrom,<br \/>\n<\/span><\/span><span style=\"font-family: Times New Roman, serif;\"><span style=\"font-size: medium;\">hogy mindenki \u00edgy csin\u00e1ljon!<\/span><\/span><\/p>\n","protected":false},"excerpt":{"rendered":"<p>Szabadid\u0151mben kert\u00e9szkedem, Ett\u0151l is jobb a k\u00f6z\u00e9rzetem. Magokat vetek \u00e9s \u00fcltetek, otthon pal\u00e1nt\u00e1kat nevelek. A n\u00f6v\u00e9nyeket \u00e9n gondozom, a kert a m\u00e1sodik otthonom. Es\u0151v\u00edzzel f\u00f6ldet locsolok, saj\u00e1t komposztot haszn\u00e1lok. Napos helyet, f\u00f6ldet<a class=\"moretag\" href=\"https:\/\/altisk-mlak.edu.hu\/index.php\/horvath-lilla-kerteszkedes\/\">Read More&#8230;<\/a><\/p>\n","protected":false},"author":3,"featured_media":0,"parent":0,"menu_order":0,"comment_status":"closed","ping_status":"closed","template":"","meta":{"two_page_speed":[],"footnotes":""},"class_list":["post-2278","page","type-page","status-publish","hentry"],"_links":{"self":[{"href":"https:\/\/altisk-mlak.edu.hu\/index.php\/wp-json\/wp\/v2\/pages\/2278","targetHints":{"allow":["GET"]}}],"collection":[{"href":"https:\/\/altisk-mlak.edu.hu\/index.php\/wp-json\/wp\/v2\/pages"}],"about":[{"href":"https:\/\/altisk-mlak.edu.hu\/index.php\/wp-json\/wp\/v2\/types\/page"}],"author":[{"embeddable":true,"href":"https:\/\/altisk-mlak.edu.hu\/index.php\/wp-json\/wp\/v2\/users\/3"}],"replies":[{"embeddable":true,"href":"https:\/\/altisk-mlak.edu.hu\/index.php\/wp-json\/wp\/v2\/comments?post=2278"}],"version-history":[{"count":1,"href":"https:\/\/altisk-mlak.edu.hu\/index.php\/wp-json\/wp\/v2\/pages\/2278\/revisions"}],"predecessor-version":[{"id":2280,"href":"https:\/\/altisk-mlak.edu.hu\/index.php\/wp-json\/wp\/v2\/pages\/2278\/revisions\/2280"}],"wp:attachment":[{"href":"https:\/\/altisk-mlak.edu.hu\/index.php\/wp-json\/wp\/v2\/media?parent=2278"}],"curies":[{"name":"wp","href":"https:\/\/api.w.org\/{rel}","templated":true}]}}