{"id":310,"date":"2018-02-07T19:20:45","date_gmt":"2018-02-07T19:20:45","guid":{"rendered":"http:\/\/altisk-mlak.sulinet.hu\/?page_id=310"},"modified":"2018-02-07T19:21:24","modified_gmt":"2018-02-07T19:21:24","slug":"egyeb-foglalkozasok","status":"publish","type":"page","link":"https:\/\/altisk-mlak.edu.hu\/index.php\/egyeb-foglalkozasok\/","title":{"rendered":"Egy\u00e9b foglalkoz\u00e1sok"},"content":{"rendered":"<p style=\"text-align: justify;\">Az int\u00e9zm\u00e9nyben a tanul\u00f3k sz\u00e1m\u00e1ra az al\u00e1bbi \u2013 az iskola \u00e1ltal szervezett \u2013 egy\u00e9b (tan\u00f3r\u00e1n k\u00edv\u00fcli) rendszeres foglalkoz\u00e1sok m\u0171k\u00f6dnek:<\/p>\n<ul style=\"text-align: justify;\">\n<li>napk\u00f6zi otthon, tanul\u00f3szoba,<\/li>\n<li>szakk\u00f6r\u00f6k,<\/li>\n<li>\u00e9nekkar,<\/li>\n<li>versenyek, vet\u00e9lked\u0151k, bemutat\u00f3k,<\/li>\n<li>iskolai sportk\u00f6ri foglalkoz\u00e1sok,<\/li>\n<li>t\u00f6megsport foglalkoz\u00e1sok,<\/li>\n<li>felz\u00e1rk\u00f3ztat\u00f3 foglalkoztat\u00e1sok,<\/li>\n<li>egy\u00e9ni foglalkoz\u00e1sok,<\/li>\n<li>tehets\u00e9ggondoz\u00f3 foglalkoztat\u00e1sok,<\/li>\n<li>tov\u00e1bbtanul\u00e1sra el\u0151k\u00e9sz\u00edt\u0151 foglalkoz\u00e1sok,<\/li>\n<li>oszt\u00e1lykir\u00e1ndul\u00e1sok,<\/li>\n<li>tanulm\u00e1nyi \u201ekir\u00e1ndul\u00e1sok\u201d,<\/li>\n<li>erdei iskol\u00e1k, t\u00e1boroz\u00e1sok.<\/li>\n<\/ul>\n<p style=\"text-align: justify;\"><strong>A napk\u00f6zi otthon m\u0171k\u00f6d\u00e9s\u00e9re vonatkoz\u00f3 \u00e1ltal\u00e1nos szab\u00e1lyok <\/strong><\/p>\n<ol style=\"text-align: justify;\">\n<li>A napk\u00f6zi otthonba t\u00f6rt\u00e9n\u0151 felv\u00e9tel a sz\u00fcl\u0151 k\u00e9r\u00e9s\u00e9re t\u00f6rt\u00e9nik a szervezeti \u00e9s m\u0171k\u00f6d\u00e9si szab\u00e1lyzat el\u0151\u00edr\u00e1sai alapj\u00e1n.<\/li>\n<li>A napk\u00f6zis foglalkoz\u00e1sr\u00f3l val\u00f3 elt\u00e1voz\u00e1s csak a sz\u00fcl\u0151 szem\u00e9lyes, vagy \u00edr\u00e1sbeli k\u00e9relme alapj\u00e1n t\u00f6rt\u00e9nhet a napk\u00f6zis nevel\u0151 enged\u00e9ly\u00e9vel. Sz\u00fcl\u0151i k\u00e9r\u00e9s hi\u00e1ny\u00e1ban \u2013 rendk\u00edv\u00fcli esetben \u2013 az iskola elhagy\u00e1s\u00e1ra az oszt\u00e1lyf\u0151n\u00f6k vagy az egys\u00e9g vezet\u0151je adhat enged\u00e9lyt.<\/li>\n<\/ol>\n<p style=\"text-align: justify;\"><strong>A t\u00f6bbi egy\u00e9b (tan\u00f3r\u00e1n k\u00edv\u00fcli) foglalkoz\u00e1sra vonatkoz\u00f3 \u00e1ltal\u00e1nos szab\u00e1lyok <\/strong><\/p>\n<ol>\n<li style=\"text-align: justify;\">A tan\u00f3r\u00e1n k\u00edv\u00fcli foglalkoz\u00e1sokra val\u00f3 tanul\u00f3i jelentkez\u00e9s \u2013 a felz\u00e1rk\u00f3ztat\u00f3 foglalkoz\u00e1sok, valamint az egy\u00e9ni foglalkoz\u00e1sok kiv\u00e9tel\u00e9vel \u2013 \u00f6nk\u00e9ntes. A tan\u00f3r\u00e1n k\u00edv\u00fcli foglalkoz\u00e1sokra t\u00f6rt\u00e9n\u0151 jelentkez\u00e9s tan\u00e9v elej\u00e9n t\u00f6rt\u00e9nik, \u00e9s egy tan\u00e9vre sz\u00f3l.<\/li>\n<li style=\"text-align: justify;\">A felz\u00e1rk\u00f3ztat\u00f3 foglalkoz\u00e1sokra, valamint az egy\u00e9ni foglalkoz\u00e1sokra k\u00f6telezett tanul\u00f3kat k\u00e9pess\u00e9geik, tanulm\u00e1nyi eredm\u00e9nyeik alapj\u00e1n a tan\u00edt\u00f3k, szaktan\u00e1rok jel\u00f6lik ki, r\u00e9szv\u00e9tel\u00fck a felz\u00e1rk\u00f3ztat\u00f3 foglalkoz\u00e1sokon k\u00f6telez\u0151, ez al\u00f3l felment\u00e9st csak a sz\u00fcl\u0151 \u00edr\u00e1sbeli k\u00e9relm\u00e9re a tagint\u00e9zm\u00e9ny vezet\u0151je adhat.<\/li>\n<li style=\"text-align: justify;\">A tan\u00f3r\u00e1n k\u00edv\u00fcli foglalkoz\u00e1sok megszervez\u00e9s\u00e9t (a foglalkoz\u00e1sok megnevez\u00e9s\u00e9t, heti \u00f3rasz\u00e1m\u00e1t, a vezet\u0151 nev\u00e9t, m\u0171k\u00f6d\u00e9s\u00e9nek id\u0151tartam\u00e1t) minden tan\u00e9v elej\u00e9n az iskola tant\u00e1rgyfeloszt\u00e1s\u00e1ban kell r\u00f6gz\u00edteni.<\/li>\n<li style=\"text-align: justify;\">A tan\u00f3r\u00e1n k\u00edv\u00fcli foglalkoz\u00e1sok megszervez\u00e9s\u00e9n\u00e9l a tanul\u00f3i, a sz\u00fcl\u0151i, valamint a nevel\u0151i ig\u00e9nyeket a lehet\u0151s\u00e9gek szerint figyelembe kell venni.<\/li>\n<li style=\"text-align: justify;\">A tan\u00f3r\u00e1n k\u00edv\u00fcli foglalkoz\u00e1sok vezet\u0151it a tagint\u00e9zm\u00e9ny-vezet\u0151 b\u00edzza meg, akik munk\u00e1jukat Szervezeti \u00e9s M\u0171k\u00f6d\u00e9si Szab\u00e1lyzat \u2013 Szentgotth\u00e1rd \u00e9s T\u00e9rs\u00e9ge \u00c1ltal\u00e1nos Iskola, Gimn\u00e1zium \u00e9s Alapfok\u00fa M\u0171v\u00e9szeti Iskola munkak\u00f6ri le\u00edr\u00e1suk alapj\u00e1n v\u00e9gzik. Tan\u00f3r\u00e1n k\u00edv\u00fcli foglalkoz\u00e1st vezethet az is, aki nem az iskola pedag\u00f3gusa.<\/li>\n<li style=\"text-align: justify;\">Az iskola a tehets\u00e9ges tanul\u00f3k fejl\u0151d\u00e9s\u00e9nek el\u0151seg\u00edt\u00e9se \u00e9rdek\u00e9ben tanulm\u00e1nyi, sport \u00e9s kultur\u00e1lis versenyeket, vet\u00e9lked\u0151ket szervez. A versenyek megszervez\u00e9s\u00e9\u00e9rt, a r\u00e9sztvev\u0151 tanul\u00f3k felk\u00e9sz\u00edt\u00e9s\u00e9\u00e9rt a szakmai munkak\u00f6z\u00f6ss\u00e9gek, illetve a szaktan\u00e1rok a felel\u0151sek.<\/li>\n<li style=\"text-align: justify;\">A tan\u00f3r\u00e1n k\u00edv\u00fcli, szem\u00e9lysz\u00e1ll\u00edt\u00e1ssal egybek\u00f6t\u00f6tt programokon a r\u00e9sztvev\u0151k biztons\u00e1gos utaz\u00e1sa \u00e9rdek\u00e9ben az utaz\u00e1st szervez\u0151je a szervez\u00e9ssel vagy a sz\u00e1ll\u00edt\u00e1ssal foglalkoz\u00f3 c\u00e9gekt\u0151l minden esetben el\u0151zetesen \u00edr\u00e1sos nyilatkozatot k\u00e9r arr\u00f3l, hogy a szolg\u00e1ltat\u00e1s szem\u00e9lyi \u00e9s t\u00e1rgyi felt\u00e9telei megfelelnek a hat\u00e1lyos el\u0151\u00edr\u00e1soknak, valamint az \u00e9rintett g\u00e9pj\u00e1rm\u0171 megfelel\u0151 m\u0171szaki \u00e1llapotban van \u00e9s rendelkezik \u00e9rv\u00e9nyes okm\u00e1nyokkal.<\/li>\n<li style=\"text-align: justify;\">Az utaz\u00e1shoz kapcsol\u00f3d\u00f3 szerz\u0151d\u00e9sek megk\u00f6t\u00e9sekor figyel\u00fcnk arra, hogy amennyiben a g\u00e9pj\u00e1rm\u0171vel t\u00f6rt\u00e9n\u0151 utaz\u00e1s nem fejez\u0151dik be este 23 \u00f3r\u00e1ig, azt a szem\u00e9lysz\u00e1ll\u00edt\u00e1st v\u00e9gz\u0151 g\u00e9pkocsivezet\u0151k pihen\u00e9se \u00e9rdek\u00e9ben azt meg kell szak\u00edtani. \u00c9jjel 23 \u00f3ra \u00e9s hajnali 4 \u00f3ra k\u00f6z\u00f6tti id\u0151s\u00e1vban a g\u00e9pkocsivezet\u0151knek pihen\u0151t kell tartaniuk ugyanott, ahol a di\u00e1kokat is elsz\u00e1ll\u00e1solj\u00e1k erre az id\u0151re.<\/li>\n<li style=\"text-align: justify;\">Az utaz\u00e1st szervez\u0151je \u2013 el\u0151k\u00e9sz\u00edti a di\u00e1kok tanulm\u00e1nyi kir\u00e1ndul\u00e1sokra val\u00f3 utaz\u00e1s\u00e1t (aj\u00e1nlatok bek\u00e9r\u00e9se, sz\u00fcl\u0151k\/tanul\u00f3k\/nevel\u0151test\u00fclet t\u00e1j\u00e9koztat\u00e1sa, adminisztr\u00e1ci\u00f3ja, stb), \u2013 minden esetben \u00edr\u00e1sban t\u00e1j\u00e9koztatja az int\u00e9zm\u00e9ny vezet\u0151j\u00e9t az utaz\u00e1sban r\u00e9sztvev\u0151kr\u0151l, az utaz\u00e1s helysz\u00edneir\u0151l \u00e9s rendelkez\u00e9sre bocs\u00e1jtja \u2013 a t\u00f6rv\u00e9nyes k\u00e9pvisel\u0151k el\u00e9rhet\u0151s\u00e9g\u00e9vel egy\u00fctt \u2013 a teljes k\u00f6r\u0171 utas list\u00e1t, \u2013 a di\u00e1kok biztons\u00e1ga \u00e9rdek\u00e9ben t\u00e1j\u00e9koztatja a tanul\u00f3kat az utaz\u00e1s sor\u00e1n el\u0151fordul\u00f3, \u0151ket vesz\u00e9lyeztet\u0151 helyzetek kezel\u00e9s\u00e9r\u0151l, az utasok sor\u00e1n elv\u00e1rt magatart\u00e1s\u00e1r\u00f3l, \u2013 t\u00e1j\u00e9koztatja az int\u00e9zm\u00e9nyvezet\u0151 az \u00fatk\u00f6zben bek\u00f6vetkez\u0151 forgalmi zavarr\u00f3l. 10. Az iskola \u2013 az ezt ig\u00e9nyl\u0151 tanul\u00f3k sz\u00e1m\u00e1ra \u2013 \u00e9tkez\u00e9si lehet\u0151s\u00e9get biztos\u00edt. A napk\u00f6zi otthonba felvett tanul\u00f3k napi h\u00e1romszori \u00e9tkez\u00e9sben (t\u00edz\u00f3rai, eb\u00e9d, uzsonna) r\u00e9szes\u00fclnek. A napk\u00f6zibe nem j\u00e1r\u00f3 tanul\u00f3k sz\u00e1m\u00e1ra valamint a tanul\u00f3szobai foglalkoz\u00e1sra felvettek r\u00e9sz\u00e9re \u2013 ig\u00e9ny eset\u00e9n \u2013 az iskola eb\u00e9det (menz\u00e1t) biztos\u00edt.<\/li>\n<li style=\"text-align: justify;\">A tanul\u00f3k \u00f6nk\u00e9pz\u00e9s\u00e9nek, egy\u00e9ni tanul\u00e1s\u00e1nak seg\u00edt\u00e9s\u00e9re az iskol\u00e1ban iskolai k\u00f6nyvt\u00e1r m\u0171k\u00f6dik. Az iskolai k\u00f6nyvt\u00e1r m\u0171k\u00f6d\u00e9s\u00e9nek szab\u00e1lyait a szervezeti \u00e9s m\u0171k\u00f6d\u00e9si szab\u00e1lyzat tartalmazza.<\/li>\n<li style=\"text-align: justify;\">Az iskol\u00e1ban a ter\u00fcletileg illet\u00e9kes bejegyzett egyh\u00e1zak hit- \u00e9s vall\u00e1soktat\u00e1st szervezhetnek. A hit- \u00e9s vall\u00e1soktat\u00e1son val\u00f3 r\u00e9szv\u00e9tel a tanul\u00f3k sz\u00e1m\u00e1ra \u00f6nk\u00e9ntes. Az iskola a foglalkoz\u00e1sokhoz tantermet biztos\u00edt az int\u00e9zm\u00e9ny \u00f3rarendj\u00e9hez igazodva. A tanul\u00f3k hit- \u00e9s vall\u00e1soktat\u00e1s\u00e1t az egyh\u00e1z \u00e1ltal kijel\u00f6lt hitoktat\u00f3 v\u00e9gzi.<\/li>\n<\/ol>\n","protected":false},"excerpt":{"rendered":"<p>Az int\u00e9zm\u00e9nyben a tanul\u00f3k sz\u00e1m\u00e1ra az al\u00e1bbi \u2013 az iskola \u00e1ltal szervezett \u2013 egy\u00e9b (tan\u00f3r\u00e1n k\u00edv\u00fcli) rendszeres foglalkoz\u00e1sok m\u0171k\u00f6dnek: napk\u00f6zi otthon, tanul\u00f3szoba, szakk\u00f6r\u00f6k, \u00e9nekkar, versenyek, vet\u00e9lked\u0151k, bemutat\u00f3k, iskolai sportk\u00f6ri foglalkoz\u00e1sok, t\u00f6megsport foglalkoz\u00e1sok,<a class=\"moretag\" href=\"https:\/\/altisk-mlak.edu.hu\/index.php\/egyeb-foglalkozasok\/\">Read More&#8230;<\/a><\/p>\n","protected":false},"author":1,"featured_media":0,"parent":0,"menu_order":0,"comment_status":"closed","ping_status":"closed","template":"","meta":{"two_page_speed":[],"footnotes":""},"class_list":["post-310","page","type-page","status-publish","hentry"],"_links":{"self":[{"href":"https:\/\/altisk-mlak.edu.hu\/index.php\/wp-json\/wp\/v2\/pages\/310","targetHints":{"allow":["GET"]}}],"collection":[{"href":"https:\/\/altisk-mlak.edu.hu\/index.php\/wp-json\/wp\/v2\/pages"}],"about":[{"href":"https:\/\/altisk-mlak.edu.hu\/index.php\/wp-json\/wp\/v2\/types\/page"}],"author":[{"embeddable":true,"href":"https:\/\/altisk-mlak.edu.hu\/index.php\/wp-json\/wp\/v2\/users\/1"}],"replies":[{"embeddable":true,"href":"https:\/\/altisk-mlak.edu.hu\/index.php\/wp-json\/wp\/v2\/comments?post=310"}],"version-history":[{"count":2,"href":"https:\/\/altisk-mlak.edu.hu\/index.php\/wp-json\/wp\/v2\/pages\/310\/revisions"}],"predecessor-version":[{"id":316,"href":"https:\/\/altisk-mlak.edu.hu\/index.php\/wp-json\/wp\/v2\/pages\/310\/revisions\/316"}],"wp:attachment":[{"href":"https:\/\/altisk-mlak.edu.hu\/index.php\/wp-json\/wp\/v2\/media?parent=310"}],"curies":[{"name":"wp","href":"https:\/\/api.w.org\/{rel}","templated":true}]}}