{"id":709,"date":"2021-05-30T17:18:54","date_gmt":"2021-05-30T17:18:54","guid":{"rendered":"https:\/\/altisk-mlak.edu.hu\/?page_id=709"},"modified":"2025-09-23T10:20:55","modified_gmt":"2025-09-23T10:20:55","slug":"okoiskola-munkaterv","status":"publish","type":"page","link":"https:\/\/altisk-mlak.edu.hu\/index.php\/okoiskola-munkaterv\/","title":{"rendered":"\u00d6koiskola munkaterv"},"content":{"rendered":"\r\n<p>V\u00e1lassza ki a tan\u00e9vet, \u00e9s t\u00f6ltse le az \u00d6koiskola munkatervet az adott tan\u00e9vre vonatkoz\u00f3an!<\/p>\r\n<p>2025-2026. tan\u00e9v<\/p>\r\n<p>\r\n\r\n<\/p>\r\n<p><a href=\"https:\/\/altisk-mlak.edu.hu\/wp-content\/uploads\/2025\/09\/Okoiskolai-munkaterv-2025-2026.pdf\">\u00d6koiskola munkaterv 2025-2026. tan\u00e9vre<\/a><\/p>\r\n\r\n\r\n\r\n<p>2024-2025. tan\u00e9v<\/p>\r\n\r\n\r\n\r\n<p><a href=\"https:\/\/altisk-mlak.edu.hu\/wp-content\/uploads\/2024\/11\/Okoiskolai-munkaterv-2024-2025.pdf\">\u00d6koiskola munkaterv 2024-2025. tan\u00e9vre<\/a><\/p>\r\n\r\n\r\n\r\n<p>2023-2024 tan\u00e9v<\/p>\r\n\r\n\r\n\r\n<p><a href=\"https:\/\/altisk-mlak.edu.hu\/wp-content\/uploads\/2024\/07\/Okoiskolai_munkaterv_2023-2024.pdf\">\u00d6koiskola munkaterv 2023-2024. tan\u00e9vre<img decoding=\"async\" src=\"https:\/\/altisk-mlak.edu.hu\/wp-content\/uploads\/2021\/05\/pdf.png\" alt=\"\" width=\"100\" height=\"100\" \/><\/a><\/p>\r\n\r\n\r\n\r\n<p>&nbsp;<\/p>\r\n\r\n\r\n\r\n<p>2022-2023 tan\u00e9v<\/p>\r\n\r\n\r\n\r\n<p><a href=\"https:\/\/altisk-mlak.edu.hu\/wp-content\/uploads\/2022\/10\/Okoiskolai_munkaterv_2022-23.pdf\" target=\"_blank\" rel=\"noreferrer noopener\">\u00d6koiskola munkaterv 2022-2023. tan\u00e9vre<\/a> <img decoding=\"async\" src=\"https:\/\/altisk-mlak.edu.hu\/wp-content\/uploads\/2021\/05\/pdf.png\" alt=\"\" width=\"100\" height=\"100\" \/><\/p>\r\n\r\n\r\n\r\n<p><a>2021-2022 tan\u00e9v<\/a><\/p>\r\n\r\n\r\n\r\n<p><a href=\"https:\/\/altisk-mlak.edu.hu\/wp-content\/uploads\/2022\/04\/Okoiskolai-munkaterv-2021-2022.pdf\" target=\"_blank\" rel=\"noreferrer noopener\">\u00d6koiskola munkaterv 2021-2022. tan\u00e9vre <img decoding=\"async\" src=\"https:\/\/altisk-mlak.edu.hu\/wp-content\/uploads\/2021\/05\/pdf.png\" alt=\"\" width=\"100\" height=\"100\" \/><\/a><\/p>\r\n\r\n\r\n\r\n<p><a>2020-2021 tan\u00e9v<\/a><\/p>\r\n\r\n\r\n\r\n<p><a href=\"http:\/\/altisk-mlak.sulinet.hu\/wp-content\/uploads\/2020\/11\/%C3%96koiskolai-munkaterv-2020-2021.pdf\" target=\"_blank\" rel=\"noopener\">\u00d6koiskola munkaterv 2020-2021. tan\u00e9vre <img decoding=\"async\" src=\"https:\/\/altisk-mlak.edu.hu\/wp-content\/uploads\/2021\/05\/pdf.png\" alt=\"\" width=\"100\" height=\"100\" \/><\/a><\/p>\r\n\r\n\r\n\r\n<p><a>2019-2020 tan\u00e9v<\/a><\/p>\r\n\r\n\r\n\r\n<p><a href=\"https:\/\/altisk-mlak.sulinet.hu\/wp-content\/uploads\/2020\/06\/%C3%96koiskolai-Munkaterv-2019-2020.pdf\" target=\"_blank\" rel=\"noopener\">\u00d6koiskola munkaterv 2019-2020. tan\u00e9vre <\/a><img decoding=\"async\" src=\"https:\/\/altisk-mlak.edu.hu\/wp-content\/uploads\/2021\/05\/pdf.png\" alt=\"\" width=\"100\" height=\"100\" \/><\/p>\r\n\r\n\r\n\r\n<p><a>2018-2019 tan\u00e9v<\/a><\/p>\r\n\r\n\r\n\r\n<p><a href=\"http:\/\/altisk-mlak.sulinet.hu\/wp-content\/uploads\/2019\/06\/%C3%96koiskolai-munkaterv-2018-2019.docx\" target=\"_blank\" rel=\"noopener\">\u00d6koiskola munkaterv 2018-2019 tan\u00e9vre <img decoding=\"async\" src=\"https:\/\/altisk-mlak.edu.hu\/wp-content\/uploads\/2021\/05\/word.jpg\" alt=\"\" width=\"100\" height=\"96\" \/><\/a><\/p>\r\n\r\n\r\n\r\n<p><a>2017-2018 tan\u00e9v<\/a><\/p>\r\n\r\n\r\n\r\n<p><a href=\"http:\/\/altisk-mlak.sulinet.hu\/wp-content\/uploads\/2019\/06\/%C3%96koiskolai-munkaterv-2017-2018.docx\" target=\"_blank\" rel=\"noopener\">\u00d6koiskola munkaterv 2017-2018 tan\u00e9vre <\/a><a href=\"http:\/\/altisk-mlak.sulinet.hu\/wp-content\/uploads\/2019\/06\/%C3%96koiskolai-munkaterv-2017-2018.docx\" target=\"_blank\" rel=\"noopener\"><img decoding=\"async\" src=\"https:\/\/altisk-mlak.edu.hu\/wp-content\/uploads\/2021\/05\/word.jpg\" alt=\"\" width=\"100\" height=\"96\" \/><\/a><\/p>\r\n\r\n\r\n\r\n<p><a>2016-2017 tan\u00e9v<\/a><\/p>\r\n\r\n\r\n\r\n<p><a href=\"http:\/\/altisk-mlak.sulinet.hu\/wp-content\/uploads\/2019\/06\/%C3%96koiskolai-munkaterv-2016-2017.docx\" target=\"_blank\" rel=\"noopener\">\u00d6koiskola munkaterv 2016-2017 tan\u00e9vre <\/a><a href=\"http:\/\/altisk-mlak.sulinet.hu\/wp-content\/uploads\/2019\/06\/%C3%96koiskolai-munkaterv-2016-2017.docx\" target=\"_blank\" rel=\"noopener\"><img decoding=\"async\" src=\"https:\/\/altisk-mlak.edu.hu\/wp-content\/uploads\/2021\/05\/word.jpg\" alt=\"\" width=\"100\" height=\"96\" \/><\/a><\/p>\r\n","protected":false},"excerpt":{"rendered":"<p>V\u00e1lassza ki a tan\u00e9vet, \u00e9s t\u00f6ltse le az \u00d6koiskola munkatervet az adott tan\u00e9vre vonatkoz\u00f3an! 2025-2026. tan\u00e9v \u00d6koiskola munkaterv 2025-2026. tan\u00e9vre 2024-2025. tan\u00e9v \u00d6koiskola munkaterv 2024-2025. tan\u00e9vre 2023-2024 tan\u00e9v \u00d6koiskola munkaterv 2023-2024. tan\u00e9vre<a class=\"moretag\" href=\"https:\/\/altisk-mlak.edu.hu\/index.php\/okoiskola-munkaterv\/\">Read More&#8230;<\/a><\/p>\n","protected":false},"author":1,"featured_media":0,"parent":0,"menu_order":0,"comment_status":"closed","ping_status":"closed","template":"","meta":{"two_page_speed":[],"footnotes":""},"class_list":["post-709","page","type-page","status-publish","hentry"],"_links":{"self":[{"href":"https:\/\/altisk-mlak.edu.hu\/index.php\/wp-json\/wp\/v2\/pages\/709","targetHints":{"allow":["GET"]}}],"collection":[{"href":"https:\/\/altisk-mlak.edu.hu\/index.php\/wp-json\/wp\/v2\/pages"}],"about":[{"href":"https:\/\/altisk-mlak.edu.hu\/index.php\/wp-json\/wp\/v2\/types\/page"}],"author":[{"embeddable":true,"href":"https:\/\/altisk-mlak.edu.hu\/index.php\/wp-json\/wp\/v2\/users\/1"}],"replies":[{"embeddable":true,"href":"https:\/\/altisk-mlak.edu.hu\/index.php\/wp-json\/wp\/v2\/comments?post=709"}],"version-history":[{"count":40,"href":"https:\/\/altisk-mlak.edu.hu\/index.php\/wp-json\/wp\/v2\/pages\/709\/revisions"}],"predecessor-version":[{"id":3438,"href":"https:\/\/altisk-mlak.edu.hu\/index.php\/wp-json\/wp\/v2\/pages\/709\/revisions\/3438"}],"wp:attachment":[{"href":"https:\/\/altisk-mlak.edu.hu\/index.php\/wp-json\/wp\/v2\/media?parent=709"}],"curies":[{"name":"wp","href":"https:\/\/api.w.org\/{rel}","templated":true}]}}